{"id":9931,"date":"2021-03-23T21:13:16","date_gmt":"2021-03-23T21:13:16","guid":{"rendered":"http:\/\/kilkennycastle.ie\/inrochtaineacht\/"},"modified":"2024-08-26T12:56:55","modified_gmt":"2024-08-26T11:56:55","slug":"inrochtaineacht","status":"publish","type":"page","link":"https:\/\/www.kilkennycastle.ie\/ga\/inrochtaineacht\/","title":{"rendered":"Inrochtaineacht"},"content":{"rendered":"<p>[et_pb_section fb_built=&#8221;1&#8243; fullwidth=&#8221;on&#8221; _builder_version=&#8221;4.16&#8243; _module_preset=&#8221;default&#8221; global_colors_info=&#8221;{}&#8221;][et_pb_fullwidth_header title=&#8221;Inrochtaineacht &#8221; header_fullscreen=&#8221;on&#8221; header_scroll_down=&#8221;on&#8221; _builder_version=&#8221;4.16&#8243; _module_preset=&#8221;default&#8221; title_text_align=&#8221;center&#8221; title_font_size=&#8221;50px&#8221; subhead_font_size=&#8221;23px&#8221; background_image=&#8221;https:\/\/kilkennycastle.ie\/wp-content\/uploads\/2021\/03\/20210325_1352081-scaled.jpg&#8221; min_height=&#8221;602.6px&#8221; global_colors_info=&#8221;{}&#8221;][\/et_pb_fullwidth_header][\/et_pb_section][et_pb_section fb_built=&#8221;1&#8243; _builder_version=&#8221;4.16&#8243; width=&#8221;100%&#8221; custom_margin=&#8221;36px|||||&#8221; custom_padding=&#8221;0px|||||&#8221; global_colors_info=&#8221;{}&#8221;][et_pb_row _builder_version=&#8221;4.16&#8243; background_size=&#8221;initial&#8221; background_position=&#8221;top_left&#8221; background_repeat=&#8221;repeat&#8221; custom_padding=&#8221;16px|||||&#8221; global_colors_info=&#8221;{}&#8221;][et_pb_column type=&#8221;4_4&#8243; _builder_version=&#8221;4.16&#8243; custom_padding=&#8221;|||&#8221; global_colors_info=&#8221;{}&#8221; custom_padding__hover=&#8221;|||&#8221;][et_pb_text _builder_version=&#8221;4.27.0&#8243; _module_preset=&#8221;default&#8221; text_font_size=&#8221;22px&#8221; hover_enabled=&#8221;0&#8243; global_colors_info=&#8221;{}&#8221; sticky_enabled=&#8221;0&#8243;]<\/p>\n<h1><span style=\"font-size: large;\">Inrochtaineacht<\/span><\/h1>\n<p><span style=\"font-size: large;\">Chun an su\u00edomh gr\u00e9as\u00e1in againne a dh\u00e9anamh n\u00edos inrochtana molaimid duit cuairt a thabhairt ar <a href=\"https:\/\/mcmw.abilitynet.org.uk\/\">https:\/\/mcmw.abilitynet.org.uk\/<\/a>. Cuideoidh an su\u00edomh gr\u00e9as\u00e1in seo leat oiri\u00fanuithe agus athruithe a dh\u00e9anamh ar an R\u00edomhaire Pearsanta, T\u00e1ibl\u00e9ad, R\u00edomhaire Gl\u00faine n\u00f3 F\u00f3n Cliste agat chun \u00fas\u00e1id an tsu\u00edmh gr\u00e9as\u00e1in againne a \u00e9asc\u00fa.\u00a0<\/span><\/p>\n<p><span style=\"font-size: large;\">\u00a0F\u00e1ilt\u00edonn Caisle\u00e1n agus P\u00e1irc Chill Chainnigh roimh gach cuairteoir agus is aidhm d\u00fainn l\u00e1 taithneamhach spraoi\u00fail a shol\u00e1thar do ch\u00e1ch. T\u00e1imid geallta um rochtain agus \u00e1iseanna do chuairteoir\u00ed faoi mh\u00edchumas a fheabhs\u00fa. Ar na hoibreacha at\u00e1 le feidhmi\u00fa amach anseo t\u00e1 dromchla nua sa chl\u00f3s l\u00e1ir agus ardaitheoir chuig \u00c1il\u00e9ar na bPicti\u00far.\u00a0\u00a0<\/span><\/p>\n<p><span style=\"font-size: large;\">\u00a0Strucht\u00far \u00e1rsa agus s\u00e9adchomhartha faoi chaomhn\u00fa is ea Caisle\u00e1n Chill Chainnigh. Is de chine\u00e1l an fhoirgnimh go bhfuil d\u00fashl\u00e1in ann do chuairteoir\u00ed; t\u00e1 thart faoi 200 c\u00e9im thar cheithre url\u00e1r, t\u00e1 d\u00f3irse c\u00fanga le tairsigh at\u00e1 ard agus ar ch\u00faiseanna caomhnaithe coinn\u00edtear an leibh\u00e9al soilsithe \u00edseal.\u00a0<\/span><\/p>\n<p><span style=\"font-size: large;\">\u00a0Is aidhm don leathanach seo ceisteanna inrochtaineachta at\u00e1 agat a fhreagairt. Tugtar an t-eolas mar chabhair duit um ullmh\u00fa maidir le cuairt a thabhairt ar an gCaisle\u00e1n; n\u00edl s\u00e9 i gceist againn t\u00fa a chur \u00f3 dhoras n\u00e1 imn\u00ed a chur ort. Sa ch\u00e1s go bhfuil ceisteanna breise, imn\u00ed n\u00f3 riachtanais speisialta agat, d\u00e9an teagmh\u00e1il linn roimh r\u00e9 ag 056 770 4106 \/ 056 770 4104 n\u00f3 <a href=\"mailto:kilkennycastleinfo@opw.ie\">kilkennycastleinfo@opw.ie<\/a>\u00a0<\/span><\/p>\n<p><span style=\"font-size: large;\">Ghlac an fhoireann p\u00e1irt i gc\u00farsa\u00ed oili\u00fana feasachta maidir le M\u00edchumas, N\u00e9altr\u00fa, Titimeas agus Uathachas.<\/span><\/p>\n<p><span style=\"font-size: large;\">T\u00e1 an seal tosaigh cuairt\u00edochta ar maidin, \u00f3 9.30am go 10.00am curtha in \u00e1irithe le haghaidh chuairteoir\u00ed at\u00e1 faoi phriacal. \u00a0<\/span><\/p>\n<p><span style=\"font-size: large;\">F\u00e1ilt\u00edonn Caisle\u00e1n Chill Chainnigh roimh mhadra\u00ed treorach agus madrai cuidithe.<\/span><\/p>\n<p>T\u00e1 Mapa a l\u00e9ir\u00edonn \u00e1iseanna do chuairteoir\u00ed agus point\u00ed rochtana ar f\u00e1il<span>\u00a0<\/span><a href=\"https:\/\/kilkennycastle.ie\/wp-content\/uploads\/2022\/06\/KK-Castle-Map-Irish-_compressed.pdf\"><u>anseo<\/u>.<\/a><\/p>\n<p>&nbsp;<\/p>\n<p>[\/et_pb_text][\/et_pb_column][\/et_pb_row][\/et_pb_section][et_pb_section fb_built=&#8221;1&#8243; _builder_version=&#8221;4.20.4&#8243; _module_preset=&#8221;default&#8221; background_color=&#8221;gcid-4cb7d1ec-1cee-49be-9524-c7e49435d023&#8243; global_colors_info=&#8221;{%22gcid-4cb7d1ec-1cee-49be-9524-c7e49435d023%22:%91%22background_color%22%93}&#8221;][et_pb_row _builder_version=&#8221;4.20.4&#8243; _module_preset=&#8221;default&#8221; global_colors_info=&#8221;{}&#8221;][et_pb_column type=&#8221;4_4&#8243; _builder_version=&#8221;4.20.4&#8243; _module_preset=&#8221;default&#8221; global_colors_info=&#8221;{}&#8221;][et_pb_text _builder_version=&#8221;4.20.4&#8243; _module_preset=&#8221;default&#8221; text_font_size=&#8221;22px&#8221; global_colors_info=&#8221;{}&#8221;]<\/p>\n<h2>Cead Isteach Saor in Aisce<\/h2>\n<p>Tugann Caisle\u00e1n Chill Chainnigh, chomh maith le su\u00edomhanna uile OPW, cead isteach saor in aisce do chuairteoir\u00ed faoi mh\u00edchumas agus a gc\u00faram\u00f3ir\u00ed. T\u00e1 liosta ioml\u00e1n na su\u00edomhanna oidhreachta ar f\u00e1il ag <span><a href=\"http:\/\/www.heritageireland.ie\">www.heritageireland.ie<\/a><\/span><\/p>\n<p>Tuigeann foireann an Chaisle\u00e1in go bhfuil cine\u00e1lacha \u00e9ags\u00fala m\u00edchumais ann, m\u00edchumais cheilte san \u00e1ireamh; n\u00ed g\u00e1 cruth\u00fanas chun saorthic\u00e9id a fh\u00e1il.<\/p>\n<p>F\u00e9adfar saorthic\u00e9id a chur in \u00e1irithe roimh r\u00e9 tr\u00ed theagmh\u00e1il a dh\u00e9anamh linn ag<\/p>\n<p><span><a href=\"mailto:bookingskilkekennycastle@opw.ie\">bookingskilkekennycastle@opw.ie<\/a><\/span> \/ 056 770 4106, n\u00f3 f\u00e9adfar iad a fh\u00e1il ar an l\u00e1 \u00f3n oifig tic\u00e9ad.<\/p>\n<p>T\u00e1 baill foirne ar dualgas ag bealach isteach an Chaisle\u00e1in agus iad s\u00e1sta tic\u00e9id a r\u00e9iteach le haghaidh chuairteoir\u00ed nach bhfuil ar a gcumas fanacht sa l\u00edne feithimh.<\/p>\n<p>[\/et_pb_text][\/et_pb_column][\/et_pb_row][\/et_pb_section][et_pb_section fb_built=&#8221;1&#8243; _builder_version=&#8221;4.20.4&#8243; _module_preset=&#8221;default&#8221; global_colors_info=&#8221;{}&#8221;][et_pb_row _builder_version=&#8221;4.20.4&#8243; _module_preset=&#8221;default&#8221; global_colors_info=&#8221;{}&#8221;][et_pb_column type=&#8221;4_4&#8243; _builder_version=&#8221;4.20.4&#8243; _module_preset=&#8221;default&#8221; global_colors_info=&#8221;{}&#8221;][et_pb_text _builder_version=&#8221;4.20.4&#8243; _module_preset=&#8221;default&#8221; text_font_size=&#8221;22px&#8221; global_colors_info=&#8221;{}&#8221;]<\/p>\n<h2>Cuairteoir\u00ed at\u00e1 ar lagamharc<\/h2>\n<p>T\u00e1 an-fh\u00e1ilte roimh mhadra\u00ed treorach ag Caisle\u00e1n Chill Chainnigh.<\/p>\n<p>T\u00e1 bileog eolais d\u00f3ibh si\u00fad at\u00e1 ar lagamharc ar f\u00e1il le h\u00edosl\u00f3d\u00e1il. F\u00e9adfar bileoga eolais Braille a fh\u00e1il ar iasacht \u00f3n oifig tic\u00e9ad. T\u00e1 treoraithe ar dualgas ins na pr\u00edomhsheomra\u00ed stairi\u00fala at\u00e1 s\u00e1sta cabhair a thabhairt maidir le curs\u00edos, ceisteanna agus eolas stairi\u00fail.<\/p>\n<p>[\/et_pb_text][\/et_pb_column][\/et_pb_row][\/et_pb_section][et_pb_section fb_built=&#8221;1&#8243; _builder_version=&#8221;4.20.4&#8243; _module_preset=&#8221;default&#8221; background_color=&#8221;gcid-4cb7d1ec-1cee-49be-9524-c7e49435d023&#8243; global_colors_info=&#8221;{%22gcid-4cb7d1ec-1cee-49be-9524-c7e49435d023%22:%91%22background_color%22%93}&#8221;][et_pb_row _builder_version=&#8221;4.20.4&#8243; _module_preset=&#8221;default&#8221; global_colors_info=&#8221;{}&#8221;][et_pb_column type=&#8221;4_4&#8243; _builder_version=&#8221;4.20.4&#8243; _module_preset=&#8221;default&#8221; global_colors_info=&#8221;{}&#8221;][et_pb_text _builder_version=&#8221;4.20.4&#8243; _module_preset=&#8221;default&#8221; text_font_size=&#8221;22px&#8221; global_colors_info=&#8221;{}&#8221;]<\/p>\n<h2>Cuairteoir\u00ed at\u00e1 ar lag\u00e9isteacht<\/h2>\n<p>T\u00e1 treoir faoi na seomra\u00ed ar f\u00e1il le h\u00edosl\u00f3d\u00e1il agus cl\u00e1ir eolais suite ins na seomra\u00ed stairi\u00fala ar fad. Ritheann OPW turais i dTeanga Comhartha\u00edochta na h\u00c9ireann ag cuid de na su\u00edomhanna Oidhreachta. F\u00e9adfar eolas maidir le turais TCE a fh\u00e1il ag <span><a href=\"http:\/\/www.heritageireland.ie\/visit\/accessibility\/\">www.heritageireland.ie\/visit\/accessibility\/<\/a><\/span> T\u00e1 na turais saor in aisce ach toisc an l\u00edon teoranta \u00e1iteanna ba cheart \u00e1irithint a dh\u00e9anamh go luath tr\u00ed r\u00edomhphost a sheoladh chuig an su\u00edomh n\u00f3 chuig <span><a href=\"mailto:info@heritageireland.ie\">info@heritageireland.ie<\/a><\/span><\/p>\n<p>[\/et_pb_text][\/et_pb_column][\/et_pb_row][\/et_pb_section][et_pb_section fb_built=&#8221;1&#8243; _builder_version=&#8221;4.20.4&#8243; _module_preset=&#8221;default&#8221; global_colors_info=&#8221;{}&#8221;][et_pb_row _builder_version=&#8221;4.20.4&#8243; _module_preset=&#8221;default&#8221; global_colors_info=&#8221;{}&#8221;][et_pb_column type=&#8221;4_4&#8243; _builder_version=&#8221;4.20.4&#8243; _module_preset=&#8221;default&#8221; global_colors_info=&#8221;{}&#8221;][et_pb_text _builder_version=&#8221;4.20.4&#8243; _module_preset=&#8221;default&#8221; text_font_size=&#8221;22px&#8221; global_colors_info=&#8221;{}&#8221;]<\/p>\n<h2>Cuairteoir\u00ed at\u00e1 n\u00e9ar\u00e9ags\u00fail<\/h2>\n<p>T\u00e1 tr\u00e9imhse chuairt\u00edochta ar leith ar f\u00e1il d\u00f3ibh si\u00fad at\u00e1 faoi mhoth\u00e1lacht ch\u00e9adfach. Faoi l\u00e1thair is \u00f3 9.30am go 10.00am an tr\u00e9imhse at\u00e1 in \u00e1irithe. Mura n-oireann s\u00e9 seo duit d\u00e9an teagmh\u00e1il linn ag 056 770 4104 \/ 056 770 4106 \/ <a href=\"mailto:kilkennycastleinfo@opw.ie\">kilkennycastleinfo@opw.ie<\/a> chun a mhalairt de shocr\u00fa a phl\u00e9. F\u00e9adfar cuairteanna moth\u00e1lachta a shocr\u00fa lasmuigh de na gn\u00e1th-thr\u00e9imhs\u00ed oscailte ach f\u00f3gra roimh r\u00e9 a thabahairt.<\/p>\n<p>T\u00e1 Sc\u00e9alta S\u00f3isialta againn mar chabhair um ullmh\u00fa don chuairt; f\u00e9adfar iad a \u00edosl\u00f3d\u00e1il anseo.<\/p>\n<p><a href=\"http:\/\/kilkennycastle.ie\/wp-content\/uploads\/2021\/03\/Social-Story-Adult-Irish.pdf\" rel=\"attachment wp-att-10047\">Sc\u00e9al S\u00f3isialta do Leana\u00ed<\/a> (PDF)<\/p>\n<p><a href=\"http:\/\/kilkennycastle.ie\/wp-content\/uploads\/2021\/03\/Social-Story-Children-Irish.pdf\" rel=\"attachment wp-att-10049\">Sc\u00e9al S\u00f3isialta do Dhaoine F\u00e1sta<\/a> (PDF)<\/p>\n<p>Uaireanta b\u00edonn Caisle\u00e1n Chill Chainnigh pl\u00f3daithe agus gleomhar. Tuigimid go gcuireann a leith\u00e9id isteach ar dhaoine at\u00e1 faoi mhoth\u00e1lacht ch\u00e9adfach. Mar chabhair uime sin t\u00e1 gearr\u00f3ga fuaime againn mar l\u00e9iri\u00fa ar chuid de na fuaimeanna a fh\u00e9adf\u00e1 a chloiste\u00e1il le linn duit a bheith sa Chaisle\u00e1n.<\/p>\n<p><iframe src=\"https:\/\/w.soundcloud.com\/player\/?url=https%3A\/\/api.soundcloud.com\/playlists\/1230437578%3Fsecret_token%3Ds-EVnEVzhXGCZ&amp;color=%23ff5500&amp;auto_play=false&amp;hide_related=false&amp;show_comments=true&amp;show_user=true&amp;show_reposts=false&amp;show_teaser=true\" width=\"100%\" height=\"450\" frameborder=\"no\" scrolling=\"no\"><\/iframe><\/p>\n<div style=\"font-size: 10px; color: #cccccc; line-break: anywhere; word-break: normal; overflow: hidden; white-space: nowrap; text-overflow: ellipsis; font-family: Interstate,Lucida Grande,Lucida Sans Unicode,Lucida Sans,Garuda,Verdana,Tahoma,sans-serif; font-weight: 100;\"><a style=\"color: #cccccc; text-decoration: none;\" title=\"Office of Public Works\" href=\"https:\/\/soundcloud.com\/opwireland\" target=\"_blank\" rel=\"noopener\">Office of Public Works<\/a> \u00b7 <a style=\"color: #cccccc; text-decoration: none;\" title=\"Kilkenny Castle - Accessibility\" href=\"https:\/\/soundcloud.com\/opwireland\/sets\/kilkenny-castle-accessibility\/s-EVnEVzhXGCZ\" target=\"_blank\" rel=\"noopener\">Kilkenny Castle &#8211; Accessibility<\/a><\/div>\n<p><strong><u>Clice\u00e1il um \u00e9isteacht le do thoil: <\/u><\/strong><\/p>\n<p>Bh\u00ed na treoraithe againne p\u00e1irteach ar ch\u00farsa oili\u00fana um Fheasacht ar Uathachas a d&#8217;eagraigh <strong>AsIAm,<\/strong> Carthanas N\u00e1isi\u00fanta \u00c9ireann um Uathachas. <a href=\"https:\/\/asiam.ie\/\">https:\/\/asiam.ie\/<\/a><\/p>\n<p>[\/et_pb_text][\/et_pb_column][\/et_pb_row][\/et_pb_section][et_pb_section fb_built=&#8221;1&#8243; _builder_version=&#8221;4.20.4&#8243; _module_preset=&#8221;default&#8221; background_color=&#8221;gcid-4cb7d1ec-1cee-49be-9524-c7e49435d023&#8243; global_colors_info=&#8221;{%22gcid-4cb7d1ec-1cee-49be-9524-c7e49435d023%22:%91%22background_color%22%93}&#8221;][et_pb_row _builder_version=&#8221;4.20.4&#8243; _module_preset=&#8221;default&#8221; global_colors_info=&#8221;{}&#8221;][et_pb_column type=&#8221;4_4&#8243; _builder_version=&#8221;4.20.4&#8243; _module_preset=&#8221;default&#8221; global_colors_info=&#8221;{}&#8221;][et_pb_text _builder_version=&#8221;4.27.0&#8243; _module_preset=&#8221;default&#8221; text_font_size=&#8221;22px&#8221; hover_enabled=&#8221;0&#8243; global_colors_info=&#8221;{}&#8221; sticky_enabled=&#8221;0&#8243;]<\/p>\n<h2>Turais threoraithe a chuims\u00edonn daoine a bhfuil galar Alzheimer \/ N\u00e9altr\u00fa orthu<\/h2>\n<p>T\u00e1 \u00e1thas orainn turais threoraithe saor in aisce a thairiscint go Caisle\u00e1n Chill Chainnigh i mbliana, a chuims\u00edonn daoine a bhfuil galar Alzheimer \/ N\u00e9altr\u00fa orthu.<\/p>\n<p>Eagra\u00edonn \u00e1r n-\u00e9ascaitheoir su\u00edmh, Kate, at\u00e1 oilte maidir le modheola\u00edocht Azure, roinnt seisi\u00fan poibl\u00ed le linn na bliana.<\/p>\n<p>Deartar na heisp\u00e9iris seo do dhaoine a bhfuil galar Alzheimer \/ n\u00e9altr\u00fa orthu, mar aon lena dteaghlach, a gcairde, agus a gc\u00faram\u00f3ir\u00ed.\u00a0<\/p>\n<p>Tr\u00ed bhreathn\u00fa agus comhr\u00e1, tugtar cuireadh do chuairteoir\u00ed teacht chuig seomra\u00ed seanr\u00e9 Chaisle\u00e1n Chill Chainnigh i dtimpeallacht chairdi\u00fail.<\/p>\n<p>D\u00e9antar f\u00f3gra\u00edocht ar na seisi\u00fain phoibl\u00ed seo ar \u00e1r me\u00e1in sh\u00f3isialta agus ar \u00e1r su\u00edomh gr\u00e9as\u00e1in.\u00a0<\/p>\n<p>Is f\u00e9idir seisi\u00fain ghr\u00fapa a chur in \u00e1irithe ach iad a bheith eagraithe roimh r\u00e9, ag brath ar sp\u00e1is a bheith ar f\u00e1il, d\u00e9an teagmh\u00e1il le <span><a href=\"mailto:kilkennycastleinfo@opw.ie\">kilkennycastleinfo@opw.ie<\/a><\/span> le haghaidh tuilleadh eolais.<\/p>\n<p>[\/et_pb_text][\/et_pb_column][\/et_pb_row][\/et_pb_section][et_pb_section fb_built=&#8221;1&#8243; _builder_version=&#8221;4.27.0&#8243; _module_preset=&#8221;default&#8221; background_color=&#8221;#FFFFFF&#8221; hover_enabled=&#8221;0&#8243; global_colors_info=&#8221;{}&#8221; sticky_enabled=&#8221;0&#8243;][et_pb_row _builder_version=&#8221;4.20.4&#8243; _module_preset=&#8221;default&#8221; global_colors_info=&#8221;{}&#8221;][et_pb_column type=&#8221;4_4&#8243; _builder_version=&#8221;4.20.4&#8243; _module_preset=&#8221;default&#8221; global_colors_info=&#8221;{}&#8221;][et_pb_text _builder_version=&#8221;4.20.4&#8243; _module_preset=&#8221;default&#8221; text_font_size=&#8221;22px&#8221; global_colors_info=&#8221;{}&#8221;]<\/p>\n<h2>\u00c1iseanna<\/h2>\n<p>T\u00e1 leithreas inrochtana le r\u00e1ille agus c\u00f3rda pr\u00e1inne ar ch\u00e9ad url\u00e1r an Sciath\u00e1in Thoir. Chun teacht anseo t\u00e1 36 ch\u00e9im ar dh\u00e1 staighre cloiche, ceann acu an-ch\u00fang agus casta. Mura n-oireann s\u00e9 seo duit, t\u00e1 leithreas eile inrochtana tr\u00ed ardaitheoir i dT\u00far na Par\u00e1ide, an rann\u00f3g imeachta\u00ed. Iarr cabhair ar dhuine de na treoraithe m\u00e1s g\u00e1. T\u00e1 leithris phoibl\u00ed at\u00e1 inrochtana ag cathaoireacha rotha\u00ed sa Phar\u00e1id i gc\u00f3ngar an Chaisle\u00e1in. T\u00e1 t\u00e1ille 20 cent um a n-\u00fas\u00e1id.<\/p>\n<p>N\u00edl carrchl\u00f3s i gCaisle\u00e1n Chill Chainnigh, ach t\u00e1 sp\u00e1sanna p\u00e1irce\u00e1la do dhaoine faoi mh\u00edchumas ar an sr\u00e1id, trasna an bh\u00f3thair \u00f3n gCaisle\u00e1n os c\u00f3mhair Ionad Dearth\u00f3ireachta Chill Chainnigh. F\u00e9adfar na gn\u00e1thsp\u00e1sanna p\u00e1irce\u00e1la a \u00fas\u00e1id gan t\u00e1ille a \u00edoc ach cead p\u00e1irce\u00e1la bail\u00ed do mh\u00edchumasaigh a thaispe\u00e1int.<\/p>\n<p>Lean an nasc seo um l\u00e9arsc\u00e1il Chill Chainnigh a l\u00e9ir\u00edonn \u00e1iteanna p\u00e1irce\u00e1la agus leithris phoibl\u00ed.<\/p>\n<p><span><a href=\"https:\/\/townmaps.ie\/kilkenny-city-map\/\">https:\/\/townmaps.ie\/kilkenny-city-map\/<\/a><\/span><\/p>\n<p>T\u00e1 Seomra\u00ed Tae an Chaisle\u00e1in suite ar leibh\u00e9al \u00edochtarach an Sciath\u00e1in Thoir; t\u00e1 13 ch\u00e9im cloiche chuige sin \u00f3n mbunurl\u00e1r. T\u00e1 an siopa caif\u00e9 sa ph\u00e1irc inrochtana ina ioml\u00e1n.<\/p>\n<p>T\u00e1 Caisle\u00e1n Chill Chainnigh suite i 52 acra tal\u00fan ina bhfuil p\u00e1irceanna, gaird\u00edn\u00ed agus coillte, at\u00e1 inrochtana do lucht cathaoireacha rotha\u00ed agus do dhaoine faoi mh\u00edchumas; t\u00e1 an chuid is m\u00f3 den \u00e1it cothrom agus t\u00e1 leagan amach maith ar na cos\u00e1in. T\u00e1 an cl\u00f3s s\u00fagartha sa ph\u00e1irc oiri\u00fanach do leana\u00ed faoi chumais \u00e9ags\u00fala; t\u00e1 timpeall\u00e1n at\u00e1 inrochtana ag cathaoireacha rotha\u00ed agus balla moth\u00e1lachta ar leith at\u00e1 oiri\u00fanach do leanai a bhfuil riachtanais speisialta acu<\/p>\n<p>T\u00e1 bins\u00ed sc\u00edthe i gcl\u00f3s an Chaisle\u00e1in agus ar fud na bp\u00e1irceanna.<\/p>\n<p>Ar theacht chuig an su\u00edomh n\u00ed fol\u00e1ir tic\u00e9id r\u00e9amh\u00edoctha a thabhairt suas i dteannta leis an dearbh\u00e1n cu\u00ed faofa ag OPW mar \u00edoca\u00edocht; d\u00e1 \u00e9agmais sin bainfear an t\u00e1ille ioml\u00e1n iontr\u00e1la.<\/p>\n<p>[\/et_pb_text][\/et_pb_column][\/et_pb_row][\/et_pb_section][et_pb_section fb_built=&#8221;1&#8243; fullwidth=&#8221;on&#8221; _builder_version=&#8221;4.16&#8243; _module_preset=&#8221;default&#8221; global_colors_info=&#8221;{}&#8221;][et_pb_fullwidth_image src=&#8221;https:\/\/kilkennycastle.ie\/wp-content\/uploads\/2021\/03\/isl-at-kilkenny-castle-dining-room.jpg&#8221; alt=&#8221;ISL Tour Dining Room Kilkenny Castle&#8221; title_text=&#8221;isl-at-kilkenny-castle-dining-room&#8221; _builder_version=&#8221;4.16&#8243; _module_preset=&#8221;default&#8221; global_colors_info=&#8221;{}&#8221;][\/et_pb_fullwidth_image][\/et_pb_section][et_pb_section fb_built=&#8221;1&#8243; fullwidth=&#8221;on&#8221; _builder_version=&#8221;4.16&#8243; _module_preset=&#8221;default&#8221; global_colors_info=&#8221;{}&#8221;][\/et_pb_section]<\/p>\n","protected":false},"excerpt":{"rendered":"<p>Inrochtaineacht Chun an su\u00edomh gr\u00e9as\u00e1in againne a dh\u00e9anamh n\u00edos inrochtana molaimid duit cuairt a thabhairt ar https:\/\/mcmw.abilitynet.org.uk\/. Cuideoidh an su\u00edomh gr\u00e9as\u00e1in seo leat oiri\u00fanuithe agus athruithe a dh\u00e9anamh ar an [&hellip;]<\/p>\n","protected":false},"author":14,"featured_media":0,"parent":0,"menu_order":0,"comment_status":"closed","ping_status":"closed","template":"","meta":{"_et_pb_use_builder":"on","_et_pb_old_content":"","_et_gb_content_width":"","footnotes":""},"class_list":["post-9931","page","type-page","status-publish","hentry"],"_links":{"self":[{"href":"https:\/\/www.kilkennycastle.ie\/ga\/wp-json\/wp\/v2\/pages\/9931","targetHints":{"allow":["GET"]}}],"collection":[{"href":"https:\/\/www.kilkennycastle.ie\/ga\/wp-json\/wp\/v2\/pages"}],"about":[{"href":"https:\/\/www.kilkennycastle.ie\/ga\/wp-json\/wp\/v2\/types\/page"}],"author":[{"embeddable":true,"href":"https:\/\/www.kilkennycastle.ie\/ga\/wp-json\/wp\/v2\/users\/14"}],"replies":[{"embeddable":true,"href":"https:\/\/www.kilkennycastle.ie\/ga\/wp-json\/wp\/v2\/comments?post=9931"}],"version-history":[{"count":3,"href":"https:\/\/www.kilkennycastle.ie\/ga\/wp-json\/wp\/v2\/pages\/9931\/revisions"}],"predecessor-version":[{"id":16464,"href":"https:\/\/www.kilkennycastle.ie\/ga\/wp-json\/wp\/v2\/pages\/9931\/revisions\/16464"}],"wp:attachment":[{"href":"https:\/\/www.kilkennycastle.ie\/ga\/wp-json\/wp\/v2\/media?parent=9931"}],"curies":[{"name":"wp","href":"https:\/\/api.w.org\/{rel}","templated":true}]}}