{"id":4941,"date":"2019-12-11T15:40:47","date_gmt":"2019-12-11T15:40:47","guid":{"rendered":"http:\/\/kilkennycastle.ie\/ionaid\/"},"modified":"2019-12-11T15:40:50","modified_gmt":"2019-12-11T15:40:50","slug":"ionaid","status":"publish","type":"page","link":"https:\/\/www.kilkennycastle.ie\/ga\/ionaid\/","title":{"rendered":"Ionaid"},"content":{"rendered":"<p>[et_pb_section bb_built=&#8221;1&#8243; fullwidth=&#8221;on&#8221; specialty=&#8221;off&#8221; next_background_color=&#8221;#000000&#8243; inner_width=&#8221;auto&#8221; inner_max_width=&#8221;none&#8221;][et_pb_fullwidth_header title=&#8221;Ionaid&#8221; text_orientation=&#8221;center&#8221; header_fullscreen=&#8221;on&#8221; header_scroll_down=&#8221;on&#8221; background_overlay_color=&#8221;rgba(0,0,0,0.33)&#8221; title_font_size=&#8221;50px&#8221; scroll_down_icon=&#8221;%%0%%&#8221; scroll_down_icon_size=&#8221;25px&#8221; subhead=&#8221;Su\u00edomh Foirfe do Ghn\u00f3 n\u00f3 do Phl\u00e9isi\u00far&#8221; subhead_font_size=&#8221;23px&#8221; background_image=&#8221;http:\/\/kilkennycastle.ie\/wp-content\/uploads\/2018\/11\/Castle-crocus-e1554285854219.jpg&#8221; background_color=&#8221;rgba(255, 255, 255, 0)&#8221; button_one_text_size__hover_enabled=&#8221;off&#8221; button_one_text_size__hover=&#8221;null&#8221; button_two_text_size__hover_enabled=&#8221;off&#8221; button_two_text_size__hover=&#8221;null&#8221; button_one_text_color__hover_enabled=&#8221;off&#8221; button_one_text_color__hover=&#8221;null&#8221; button_two_text_color__hover_enabled=&#8221;off&#8221; button_two_text_color__hover=&#8221;null&#8221; button_one_border_width__hover_enabled=&#8221;off&#8221; button_one_border_width__hover=&#8221;null&#8221; button_two_border_width__hover_enabled=&#8221;off&#8221; button_two_border_width__hover=&#8221;null&#8221; button_one_border_color__hover_enabled=&#8221;off&#8221; button_one_border_color__hover=&#8221;null&#8221; button_two_border_color__hover_enabled=&#8221;off&#8221; button_two_border_color__hover=&#8221;null&#8221; button_one_border_radius__hover_enabled=&#8221;off&#8221; button_one_border_radius__hover=&#8221;null&#8221; button_two_border_radius__hover_enabled=&#8221;off&#8221; button_two_border_radius__hover=&#8221;null&#8221; button_one_letter_spacing__hover_enabled=&#8221;on&#8221; button_one_letter_spacing__hover=&#8221;0&#8243; button_two_letter_spacing__hover_enabled=&#8221;on&#8221; button_two_letter_spacing__hover=&#8221;0&#8243; button_one_bg_color__hover_enabled=&#8221;off&#8221; button_one_bg_color__hover=&#8221;null&#8221; button_two_bg_color__hover_enabled=&#8221;off&#8221; button_two_bg_color__hover=&#8221;null&#8221; _builder_version=&#8221;3.22.3&#8243; max_width_tablet=&#8221;50px&#8221; background_position=&#8221;top_center&#8221; text_shadow_horizontal_length=&#8221;text_shadow_style,%91object Object%93&#8243; text_shadow_vertical_length=&#8221;text_shadow_style,%91object Object%93&#8243; text_shadow_blur_strength=&#8221;text_shadow_style,%91object Object%93&#8243; title_text_shadow_horizontal_length=&#8221;title_text_shadow_style,%91object Object%93&#8243; title_text_shadow_vertical_length=&#8221;title_text_shadow_style,%91object Object%93&#8243; title_text_shadow_blur_strength=&#8221;title_text_shadow_style,%91object Object%93&#8243; content_text_shadow_horizontal_length=&#8221;content_text_shadow_style,%91object Object%93&#8243; content_text_shadow_vertical_length=&#8221;content_text_shadow_style,%91object Object%93&#8243; content_text_shadow_blur_strength=&#8221;content_text_shadow_style,%91object Object%93&#8243; subhead_text_shadow_horizontal_length=&#8221;subhead_text_shadow_style,%91object Object%93&#8243; subhead_text_shadow_vertical_length=&#8221;subhead_text_shadow_style,%91object Object%93&#8243; subhead_text_shadow_blur_strength=&#8221;subhead_text_shadow_style,%91object Object%93&#8243; button_two_text_shadow_horizontal_length=&#8221;button_two_text_shadow_style,%91object Object%93&#8243; button_two_text_shadow_vertical_length=&#8221;button_two_text_shadow_style,%91object Object%93&#8243; button_two_text_shadow_blur_strength=&#8221;button_two_text_shadow_style,%91object Object%93&#8243; button_one_text_shadow_horizontal_length=&#8221;button_one_text_shadow_style,%91object Object%93&#8243; button_one_text_shadow_vertical_length=&#8221;button_one_text_shadow_style,%91object Object%93&#8243; button_one_text_shadow_blur_strength=&#8221;button_one_text_shadow_style,%91object Object%93&#8243; z_index_tablet=&#8221;500&#8243; \/][\/et_pb_section][et_pb_section bb_built=&#8221;1&#8243; fullwidth=&#8221;on&#8221; specialty=&#8221;off&#8221; prev_background_color=&#8221;#000000&#8243; next_background_color=&#8221;#000000&#8243; inner_width=&#8221;auto&#8221; inner_max_width=&#8221;none&#8221;][et_pb_fullwidth_header _builder_version=&#8221;3.19.7&#8243; title=&#8221;Sciath\u00e1n Th\u00far na Par\u00e1ide&#8221; background_color=&#8221;#ffffff&#8221; background_layout=&#8221;light&#8221; title_font=&#8221;|700|||||||&#8221; \/][\/et_pb_section][et_pb_section bb_built=&#8221;1&#8243; fullwidth=&#8221;off&#8221; specialty=&#8221;off&#8221; transparent_background=&#8221;off&#8221; allow_player_pause=&#8221;off&#8221; inner_shadow=&#8221;off&#8221; parallax=&#8221;off&#8221; parallax_method=&#8221;off&#8221; padding_mobile=&#8221;off&#8221; make_fullwidth=&#8221;off&#8221; use_custom_width=&#8221;off&#8221; width_unit=&#8221;on&#8221; make_equal=&#8221;off&#8221; use_custom_gutter=&#8221;off&#8221; module_id=&#8221;bedford&#8221; custom_padding_tablet=&#8221;50px|0|50px|0&#8243; custom_padding_last_edited=&#8221;on|desktop&#8221; prev_background_color=&#8221;#ffffff&#8221; next_background_color=&#8221;#f7f7f7&#8243; inner_width=&#8221;auto&#8221; inner_max_width=&#8221;none&#8221;][et_pb_row background_position=&#8221;top_left&#8221; background_repeat=&#8221;repeat&#8221; background_size=&#8221;initial&#8221; width=&#8221;80%&#8221; max_width=&#8221;1080px&#8221;][et_pb_column type=&#8221;2_3&#8243;][et_pb_text admin_label=&#8221;The Parade Tower&#8221; _builder_version=&#8221;3.19.4&#8243; module_alignment=&#8221;left&#8221;]<\/p>\n<h3>T\u00daR NA PAR\u00c1IDE<\/h3>\n<p>T\u00e1 an sean agus an nua fite fuaite le ch\u00e9ile go cliste i dT\u00far na Par\u00e1ide chun c\u00falra iontach a chruth\u00fa do r\u00e9imse leathan imeachta\u00ed, \u00f3 chomhdh\u00e1lacha, f\u00e1iltithe agus dinn\u00e9ir cheili\u00fartha go dt\u00ed imeachta\u00ed cult\u00fartha agus eala\u00edne. Ionad ar leith at\u00e1 ann ina bhfuil na h\u00e1iseanna den scoth is d\u00e9ana\u00ed r\u00e9itithe i dt\u00far me\u00e1naoiseach, le h\u00e1iseanna l\u00e1ndorchaithe agus soilsi\u00fa atmaisf\u00e9arach. T\u00e1 s\u00e9 feistithe don trealamh closamhairc is nua le Wi-Fi oscailte i ngach \u00e1it.<\/p>\n<p>Cinnteoidh an ts\u00edle\u00e1il de thrusanna oscailte p\u00e9ine, na balc\u00f3in srathaithe, an gn\u00e9theallach \u00e1rsa marmair, an t-url\u00e1r d\u2019aolchloch Chill Chainnigh agus de dhair \u00c9ireannach go mbeidh l\u00e1thair iontach agus \u00edoc\u00f3nach agat do d\u2019\u00f3c\u00e1id.<\/p>\n<p>T\u00e1 T\u00far na Par\u00e1ide ar f\u00e1il le haghaidh:<\/p>\n<ul>\n<li>Dinn\u00e9ir cheili\u00fartha<\/li>\n<li>L\u00f3nta<\/li>\n<li>Comhdh\u00e1lacha<\/li>\n<li>Cruinnithe i st\u00edl seomra boird agus cabaret<\/li>\n<li>F\u00e1iltithe<\/li>\n<li>Imeachta\u00ed cult\u00fartha agus eala\u00edne<\/li>\n<li>Bainiseacha sibhialta agus daonnachacha<\/li>\n<\/ul>\n<p>[\/et_pb_text][\/et_pb_column][et_pb_column type=&#8221;1_3&#8243;][et_pb_gallery gallery_ids=&#8221;3737,3738,4939,3938,3939,3940,3941,3837&#8243; fullwidth=&#8221;on&#8221; show_title_and_caption=&#8221;off&#8221; show_pagination=&#8221;off&#8221; auto=&#8221;on&#8221; hover_overlay_color=&#8221;rgba(255,255,255,0.9)&#8221; use_border_color=&#8221;off&#8221; auto_speed=&#8221;4000&#8243; _builder_version=&#8221;3.19.7&#8243; zoom_icon_color=&#8221;#800020&#8243; \/][\/et_pb_column][\/et_pb_row][et_pb_row background_position=&#8221;top_left&#8221; background_repeat=&#8221;repeat&#8221; background_size=&#8221;initial&#8221; width=&#8221;80%&#8221; max_width=&#8221;1080px&#8221;][et_pb_column type=&#8221;4_4&#8243;][et_pb_divider color=&#8221;#3f3f3f&#8221; show_divider=&#8221;on&#8221; divider_style=&#8221;solid&#8221; divider_position=&#8221;top&#8221; hide_on_mobile=&#8221;off&#8221; \/][\/et_pb_column][\/et_pb_row][et_pb_row background_position=&#8221;top_left&#8221; background_repeat=&#8221;repeat&#8221; background_size=&#8221;initial&#8221; width=&#8221;80%&#8221; max_width=&#8221;1080px&#8221;][et_pb_column type=&#8221;2_3&#8243;][et_pb_text admin_label=&#8221;The Duchess Boardroom&#8221; _builder_version=&#8221;3.17.6&#8243; module_alignment=&#8221;left&#8221;]<\/p>\n<h3>SEOMRA BOIRD AN BHANDI\u00daIC<\/h3>\n<p>T\u00e1 Seomra Boird Victeoiriach an Bhandi\u00faic lonnaithe ar an dara hurl\u00e1r de Sciath\u00e1n Th\u00far na Par\u00e1ide. Cuireann an obair phl\u00e1stair \u00f3raithe \u00e1lainn le hatmaisf\u00e9ar gal\u00e1nta ach r\u00e9ch\u00faiseach sa ch\u00fainne compordach seo. T\u00e1 radhairc \u00e1ille amach uaidh ar Chathair Chill Chainnigh agus ar R\u00f3sghaird\u00edn foirme\u00e1lta aoibhinn an Chaisle\u00e1in.<\/p>\n<p>T\u00e1 Seomra Boird an Bhandi\u00faic ar f\u00e1il le haghaidh:<\/p>\n<ul>\n<li>Bainiseacha sibhialta agus daonnachacha beaga<\/li>\n<li>Dinn\u00e9ir phr\u00edobh\u00e1ideacha<\/li>\n<li>Cruinnithe beaga i st\u00edl seomra boird agus cabaret<\/li>\n<li>Seomra le haghaidh gr\u00fapa\u00ed beaga i gcomhar le comhdh\u00e1lacha i dT\u00far na Par\u00e1ide<\/li>\n<li>F\u00e1iltithe<\/li>\n<\/ul>\n<p>[\/et_pb_text][\/et_pb_column][et_pb_column type=&#8221;1_3&#8243;][et_pb_gallery gallery_ids=&#8221;3701,3702,3943&#8243; fullwidth=&#8221;on&#8221; show_title_and_caption=&#8221;off&#8221; show_pagination=&#8221;off&#8221; auto=&#8221;on&#8221; hover_overlay_color=&#8221;rgba(255,255,255,0.9)&#8221; use_border_color=&#8221;off&#8221; auto_speed=&#8221;4000&#8243; _builder_version=&#8221;3.19.7&#8243; zoom_icon_color=&#8221;#800020&#8243; \/][\/et_pb_column][\/et_pb_row][et_pb_row background_position=&#8221;top_left&#8221; background_repeat=&#8221;repeat&#8221; background_size=&#8221;initial&#8221; width=&#8221;80%&#8221; max_width=&#8221;1080px&#8221;][et_pb_column type=&#8221;4_4&#8243;][et_pb_divider color=&#8221;#3f3f3f&#8221; show_divider=&#8221;on&#8221; divider_style=&#8221;solid&#8221; divider_position=&#8221;top&#8221; hide_on_mobile=&#8221;off&#8221; \/][\/et_pb_column][\/et_pb_row][et_pb_row background_position=&#8221;top_left&#8221; background_repeat=&#8221;repeat&#8221; background_size=&#8221;initial&#8221; width=&#8221;80%&#8221; max_width=&#8221;1080px&#8221;][et_pb_column type=&#8221;2_3&#8243;][et_pb_text admin_label=&#8221;The Ormonde Boardroom&#8221; _builder_version=&#8221;3.17.6&#8243; module_alignment=&#8221;left&#8221;]<\/p>\n<h3>SEOMRA BOIRD URUMHAN<\/h3>\n<p>T\u00e1 an Seomra Boird beag Victeoiriach seo lonnaithe ar an gc\u00e9ad url\u00e1r de Sciath\u00e1n Th\u00far na Par\u00e1ide agus is su\u00edomh foirfe ar leith \u00e9.<\/p>\n<p>&nbsp;<\/p>\n<p>T\u00e1 Seomra Boird Urumhan ar f\u00e1il le haghaidh:<\/p>\n<ul>\n<li>Dinn\u00e9ir phr\u00edobh\u00e1ideacha<\/li>\n<li>Cruinnithe beaga i st\u00edl seomra boird agus cabaret<\/li>\n<li>Seomra le haghaidh gr\u00fapa\u00ed beaga i gcomhar le comhdh\u00e1lacha i dT\u00far na Par\u00e1ide<\/li>\n<li>F\u00e1iltithe beaga<\/li>\n<\/ul>\n<p>[\/et_pb_text][\/et_pb_column][et_pb_column type=&#8221;1_3&#8243;][et_pb_gallery gallery_ids=&#8221;3734,3735&#8243; fullwidth=&#8221;on&#8221; show_title_and_caption=&#8221;off&#8221; show_pagination=&#8221;off&#8221; auto=&#8221;on&#8221; hover_overlay_color=&#8221;rgba(255,255,255,0.9)&#8221; use_border_color=&#8221;off&#8221; auto_speed=&#8221;4000&#8243; _builder_version=&#8221;3.17.6&#8243; zoom_icon_color=&#8221;#800020&#8243; \/][\/et_pb_column][\/et_pb_row][et_pb_row background_position=&#8221;top_left&#8221; background_repeat=&#8221;repeat&#8221; background_size=&#8221;initial&#8221; width=&#8221;80%&#8221; max_width=&#8221;1080px&#8221;][et_pb_column type=&#8221;4_4&#8243;][et_pb_divider color=&#8221;#3f3f3f&#8221; show_divider=&#8221;on&#8221; divider_style=&#8221;solid&#8221; divider_position=&#8221;top&#8221; hide_on_mobile=&#8221;off&#8221; \/][\/et_pb_column][\/et_pb_row][et_pb_row background_position=&#8221;top_left&#8221; background_repeat=&#8221;repeat&#8221; background_size=&#8221;initial&#8221; width=&#8221;80%&#8221; max_width=&#8221;1080px&#8221;][et_pb_column type=&#8221;2_3&#8243;][et_pb_text admin_label=&#8221;The Medieval Room&#8221; _builder_version=&#8221;3.19.4&#8243; module_alignment=&#8221;left&#8221;]<\/p>\n<h3>AN SEOMRA ME\u00c1NAOISEACH<\/h3>\n<p>T\u00e1 an Seomra Me\u00e1naoiseach lonnaithe ag bonn Th\u00far na Par\u00e1ide, ag oscailt isteach sa Chl\u00f3s. T\u00e1 macalla 800 bliain de stair Chaisle\u00e1n Chill Chainnigh sa seomra agus cinnt\u00edonn an col\u00fan darach l\u00e1rnach faoin ts\u00edle\u00e1il chuaille is b\u00edoma agus na poill l\u00e1mhaigh go bhfuil atmaisf\u00e9ar den scoth sa sp\u00e1s seo.<\/p>\n<p>T\u00e1 an Seomra Me\u00e1naoiseach ar f\u00e1il le haghaidh:<\/p>\n<ul>\n<li>F\u00e1iltithe o\u00edche<\/li>\n<li>L\u00e1thair l\u00f3nad\u00f3ireachta do chomhdh\u00e1lacha i dT\u00far na Par\u00e1ide<\/li>\n<\/ul>\n<p>[\/et_pb_text][\/et_pb_column][et_pb_column type=&#8221;1_3&#8243;][et_pb_gallery gallery_ids=&#8221;3731,3732&#8243; fullwidth=&#8221;on&#8221; show_title_and_caption=&#8221;off&#8221; show_pagination=&#8221;off&#8221; auto=&#8221;on&#8221; hover_overlay_color=&#8221;rgba(255,255,255,0.9)&#8221; use_border_color=&#8221;off&#8221; auto_speed=&#8221;4000&#8243; _builder_version=&#8221;3.17.6&#8243; zoom_icon_color=&#8221;#800020&#8243; \/][\/et_pb_column][\/et_pb_row][et_pb_row background_position=&#8221;top_left&#8221; background_repeat=&#8221;repeat&#8221; background_size=&#8221;initial&#8221; width=&#8221;80%&#8221; max_width=&#8221;1080px&#8221;][et_pb_column type=&#8221;4_4&#8243;][et_pb_divider color=&#8221;#3f3f3f&#8221; show_divider=&#8221;on&#8221; divider_style=&#8221;solid&#8221; divider_position=&#8221;top&#8221; hide_on_mobile=&#8221;off&#8221; \/][\/et_pb_column][\/et_pb_row][et_pb_row background_position=&#8221;top_left&#8221; background_repeat=&#8221;repeat&#8221; background_size=&#8221;initial&#8221; width=&#8221;80%&#8221; max_width=&#8221;1080px&#8221;][et_pb_column type=&#8221;2_3&#8243;][et_pb_text admin_label=&#8221;The Picture Gallery&#8221; _builder_version=&#8221;3.19.15&#8243; module_alignment=&#8221;left&#8221;]<\/p>\n<h3>GAILEARA\u00cd NA bPICTI\u00daR<\/h3>\n<p>T\u00e1 Gaileara\u00ed Maorga na bPicti\u00far lonnaithe sa sciath\u00e1n thoir de Chaisle\u00e1n Chill Chainnigh. T\u00e1 an sp\u00e1s iontach seo ann \u00f3n 19\u00fa haois nuair a t\u00f3gadh \u00e9 d\u2019aon ghn\u00f3 chun baili\u00fach\u00e1n bre\u00e1 picti\u00far mhuintir de Buitl\u00e9ar a choime\u00e1d, agus is cinnte go dtugann s\u00e9 an r\u00e9 sin chun cuimhne. Sa l\u00e1 inniu, is l\u00e1thair fh\u00edorghal\u00e1nta an Gaileara\u00ed chun deochanna a \u00f3l sula mbogtar isteach go dt\u00ed T\u00far na Par\u00e1ide chun dinn\u00e9ir. T\u00e1 an Gaileara\u00ed ar f\u00e1il le haghaidh imeachta\u00ed cult\u00fartha san o\u00edche chomh maith.<\/p>\n<p>T\u00e1 Gaileara\u00ed na bPicti\u00far ar f\u00e1il le haghaidh:<\/p>\n<ul>\n<li>F\u00e1iltithe d\u00ed roimh dhinn\u00e9ir<\/li>\n<li>Imeachta\u00ed cult\u00fartha agus eala\u00edne isto\u00edche<\/li>\n<\/ul>\n<p>[\/et_pb_text][\/et_pb_column][et_pb_column type=&#8221;1_3&#8243;][et_pb_gallery gallery_ids=&#8221;3831,3945,3946&#8243; fullwidth=&#8221;on&#8221; show_title_and_caption=&#8221;off&#8221; show_pagination=&#8221;off&#8221; auto=&#8221;on&#8221; hover_overlay_color=&#8221;rgba(255,255,255,0.9)&#8221; use_border_color=&#8221;off&#8221; auto_speed=&#8221;4000&#8243; _builder_version=&#8221;3.19.7&#8243; zoom_icon_color=&#8221;#800020&#8243; \/][\/et_pb_column][\/et_pb_row][et_pb_row background_position=&#8221;top_left&#8221; background_repeat=&#8221;repeat&#8221; background_size=&#8221;initial&#8221; width=&#8221;80%&#8221; max_width=&#8221;1080px&#8221;][et_pb_column type=&#8221;4_4&#8243;][et_pb_divider color=&#8221;#3f3f3f&#8221; show_divider=&#8221;on&#8221; divider_style=&#8221;solid&#8221; divider_position=&#8221;top&#8221; hide_on_mobile=&#8221;off&#8221; \/][\/et_pb_column][\/et_pb_row][\/et_pb_section][et_pb_section bb_built=&#8221;1&#8243; fullwidth=&#8221;off&#8221; specialty=&#8221;off&#8221; transparent_background=&#8221;off&#8221; background_color=&#8221;#f7f7f7&#8243; allow_player_pause=&#8221;off&#8221; inner_shadow=&#8221;off&#8221; parallax=&#8221;off&#8221; parallax_method=&#8221;on&#8221; make_fullwidth=&#8221;off&#8221; use_custom_width=&#8221;off&#8221; width_unit=&#8221;on&#8221; make_equal=&#8221;off&#8221; use_custom_gutter=&#8221;off&#8221; prev_background_color=&#8221;#ffffff&#8221; next_background_color=&#8221;#ffffff&#8221; inner_width=&#8221;auto&#8221; inner_max_width=&#8221;none&#8221;][et_pb_row background_position=&#8221;top_left&#8221; background_repeat=&#8221;repeat&#8221; background_size=&#8221;initial&#8221; width=&#8221;80%&#8221; max_width=&#8221;1080px&#8221;][et_pb_column type=&#8221;4_4&#8243;][et_pb_text use_border_color=&#8221;off&#8221; background_position=&#8221;top_left&#8221; background_repeat=&#8221;repeat&#8221; background_size=&#8221;initial&#8221; _builder_version=&#8221;3.17.6&#8243;]<\/p>\n<p>Acmhainn Sp\u00e1is agus Teicneola\u00edocht<\/p>\n<p>T\u00e1 T\u00far na Par\u00e1ide l\u00e1nfheistithe le both teilgin, c\u00f3ras fuaime, sc\u00e1ile\u00e1n agus teilgeoir l\u00e9asair le c\u00f3ras gan sreang Barco Clickshare, comh\u00e9adan c\u00e1blaithe HDMI, chomh maith le Wi-Fi gan t\u00e1ille (KKC_Guest). T\u00e1 \u00e1iseanna l\u00e1ndorchaithe ar f\u00e1il agus soilsi\u00fa atmaisf\u00e9arach chomh maith.<\/p>\n<p>[\/et_pb_text][et_pb_text admin_label=&#8221;Capacity Table&#8221; use_border_color=&#8221;off&#8221; background_position=&#8221;top_left&#8221; background_repeat=&#8221;repeat&#8221; background_size=&#8221;initial&#8221; _builder_version=&#8221;3.17.6&#8243;]<\/p>\n<table style=\"height: 227px;\" width=\"740\">\n<tbody>\n<tr>\n<td><strong>Ionad<\/strong><\/td>\n<td><strong>F x L x A (m)<\/strong><\/td>\n<td><strong>Amharclann<\/strong><\/td>\n<td><strong>Seomra Boird<\/strong><\/td>\n<td><strong>Cruth U<\/strong><\/td>\n<td><strong>St\u00edl Cabaret<br \/>\n<\/strong><\/td>\n<td><strong>F\u00e9asta<\/strong><\/td>\n<td><strong>F\u00e1ilti\u00fa<\/strong><\/td>\n<\/tr>\n<tr>\n<td>T\u00far na Par\u00e1ide<\/td>\n<td>10 x 12 x 10<\/td>\n<td>120<\/td>\n<td>35<\/td>\n<td>26<\/td>\n<td>72<\/td>\n<td>120<\/td>\n<td>150<\/td>\n<\/tr>\n<tr>\n<td>Seomra Boird an Bhandi\u00faic<\/td>\n<td>6 x 6 x 3.5<\/td>\n<td>25<\/td>\n<td>12<\/td>\n<td>10<\/td>\n<td>18<\/td>\n<td>18<\/td>\n<td>20<\/td>\n<\/tr>\n<tr>\n<td>Seomra Boird Urumhan<\/td>\n<td>5 x 5 x 3.5<\/td>\n<td>15<\/td>\n<td>8<\/td>\n<td>6<\/td>\n<td>12<\/td>\n<td>12<\/td>\n<td>15<\/td>\n<\/tr>\n<tr>\n<td>An Seomra Me\u00e1naoiseach<\/td>\n<td>8.5 x 8.5 x 4<\/td>\n<td>&#8211;<\/td>\n<td>&#8211;<\/td>\n<td>&#8211;<\/td>\n<td>&#8211;<\/td>\n<td>&#8211;<\/td>\n<td>60<\/td>\n<\/tr>\n<tr>\n<td>Gaileara\u00ed na bPicti\u00far<\/td>\n<td>45 x 9 x 10<\/td>\n<td>120<\/td>\n<td>&#8211;<\/td>\n<td>&#8211;<\/td>\n<td>&#8211;<\/td>\n<td>&#8211;<\/td>\n<td>120<\/td>\n<\/tr>\n<\/tbody>\n<\/table>\n<p>[\/et_pb_text][\/et_pb_column][\/et_pb_row][\/et_pb_section][et_pb_section bb_built=&#8221;1&#8243; fullwidth=&#8221;on&#8221; specialty=&#8221;off&#8221; prev_background_color=&#8221;#f7f7f7&#8243; disabled_on=&#8221;on|on|on&#8221; disabled=&#8221;on&#8221; inner_width=&#8221;auto&#8221; inner_max_width=&#8221;none&#8221;][et_pb_fullwidth_image src=&#8221;http:\/\/kilkennycastle.ie\/wp-content\/uploads\/2018\/11\/1-Castletown-House.-National-Monuments-Service-Dept.-of-Arts-Heritage-Regional-Rural-and-Gaeltacht-Affairs.jpg&#8221; show_in_lightbox=&#8221;off&#8221; url_new_window=&#8221;off&#8221; use_overlay=&#8221;off&#8221; animation=&#8221;off&#8221; use_border_color=&#8221;off&#8221; border_color=&#8221;#ffffff&#8221; border_style=&#8221;solid&#8221; animation_style=&#8221;none&#8221; animation_duration=&#8221;1000ms&#8221; animation_intensity_slide=&#8221;50%&#8221; \/][\/et_pb_section]<\/p>\n","protected":false},"excerpt":{"rendered":"<p>T\u00daR NA PAR\u00c1IDE T\u00e1 an sean agus an nua fite fuaite le ch\u00e9ile go cliste i dT\u00far na Par\u00e1ide chun c\u00falra iontach a chruth\u00fa do r\u00e9imse leathan imeachta\u00ed, \u00f3 chomhdh\u00e1lacha, [&hellip;]<\/p>\n","protected":false},"author":1,"featured_media":0,"parent":0,"menu_order":0,"comment_status":"closed","ping_status":"closed","template":"","meta":{"_et_pb_use_builder":"on","_et_pb_old_content":"","_et_gb_content_width":"","footnotes":""},"class_list":["post-4941","page","type-page","status-publish","hentry"],"_links":{"self":[{"href":"https:\/\/www.kilkennycastle.ie\/ga\/wp-json\/wp\/v2\/pages\/4941","targetHints":{"allow":["GET"]}}],"collection":[{"href":"https:\/\/www.kilkennycastle.ie\/ga\/wp-json\/wp\/v2\/pages"}],"about":[{"href":"https:\/\/www.kilkennycastle.ie\/ga\/wp-json\/wp\/v2\/types\/page"}],"author":[{"embeddable":true,"href":"https:\/\/www.kilkennycastle.ie\/ga\/wp-json\/wp\/v2\/users\/1"}],"replies":[{"embeddable":true,"href":"https:\/\/www.kilkennycastle.ie\/ga\/wp-json\/wp\/v2\/comments?post=4941"}],"version-history":[{"count":0,"href":"https:\/\/www.kilkennycastle.ie\/ga\/wp-json\/wp\/v2\/pages\/4941\/revisions"}],"wp:attachment":[{"href":"https:\/\/www.kilkennycastle.ie\/ga\/wp-json\/wp\/v2\/media?parent=4941"}],"curies":[{"name":"wp","href":"https:\/\/api.w.org\/{rel}","templated":true}]}}