{"id":4813,"date":"2019-12-11T11:22:40","date_gmt":"2019-12-11T11:22:40","guid":{"rendered":"http:\/\/kilkennycastle.ie\/an-bailiuchan\/"},"modified":"2019-12-11T11:22:41","modified_gmt":"2019-12-11T11:22:41","slug":"an-bailiuchan","status":"publish","type":"page","link":"https:\/\/www.kilkennycastle.ie\/ga\/an-bailiuchan\/","title":{"rendered":"An Baili\u00fach\u00e1n"},"content":{"rendered":"<p>[et_pb_section bb_built=&#8221;1&#8243; fullwidth=&#8221;on&#8221; specialty=&#8221;off&#8221; next_background_color=&#8221;#000000&#8243; inner_width=&#8221;auto&#8221; inner_max_width=&#8221;1080px&#8221;][et_pb_fullwidth_header _builder_version=&#8221;3.19.15&#8243; title=&#8221;An Baili\u00fach\u00e1n&#8221; subhead=&#8221;L\u00e9igh a Thuilleadh&#8221; background_overlay_color=&#8221;rgba(0,0,0,0.33)&#8221; background_image=&#8221;http:\/\/kilkennycastle.ie\/wp-content\/uploads\/2019\/02\/The-Collection-Introduction.jpg&#8221; text_orientation=&#8221;center&#8221; header_fullscreen=&#8221;on&#8221; header_scroll_down=&#8221;on&#8221; scroll_down_icon=&#8221;%%0%%&#8221; scroll_down_icon_size=&#8221;25px&#8221; title_font_size=&#8221;50px&#8221; subhead_font_size=&#8221;23px&#8221; background_color=&#8221;rgba(255, 255, 255, 0)&#8221; button_one_text_size__hover_enabled=&#8221;off&#8221; button_one_text_size__hover=&#8221;null&#8221; button_two_text_size__hover_enabled=&#8221;off&#8221; button_two_text_size__hover=&#8221;null&#8221; button_one_text_color__hover_enabled=&#8221;off&#8221; button_one_text_color__hover=&#8221;null&#8221; button_two_text_color__hover_enabled=&#8221;off&#8221; button_two_text_color__hover=&#8221;null&#8221; button_one_border_width__hover_enabled=&#8221;off&#8221; button_one_border_width__hover=&#8221;null&#8221; button_two_border_width__hover_enabled=&#8221;off&#8221; button_two_border_width__hover=&#8221;null&#8221; button_one_border_color__hover_enabled=&#8221;off&#8221; button_one_border_color__hover=&#8221;null&#8221; button_two_border_color__hover_enabled=&#8221;off&#8221; button_two_border_color__hover=&#8221;null&#8221; button_one_border_radius__hover_enabled=&#8221;off&#8221; button_one_border_radius__hover=&#8221;null&#8221; button_two_border_radius__hover_enabled=&#8221;off&#8221; button_two_border_radius__hover=&#8221;null&#8221; button_one_letter_spacing__hover_enabled=&#8221;on&#8221; button_one_letter_spacing__hover=&#8221;0&#8243; button_two_letter_spacing__hover_enabled=&#8221;on&#8221; button_two_letter_spacing__hover=&#8221;0&#8243; button_one_bg_color__hover_enabled=&#8221;off&#8221; button_one_bg_color__hover=&#8221;null&#8221; button_two_bg_color__hover_enabled=&#8221;off&#8221; button_two_bg_color__hover=&#8221;null&#8221; max_width_tablet=&#8221;50px&#8221; \/][\/et_pb_section][et_pb_section bb_built=&#8221;1&#8243; fullwidth=&#8221;off&#8221; specialty=&#8221;off&#8221; prev_background_color=&#8221;#000000&#8243; inner_width=&#8221;auto&#8221; inner_max_width=&#8221;1080px&#8221;][et_pb_row][et_pb_column type=&#8221;4_4&#8243; custom_padding__hover=&#8221;|||&#8221; custom_padding=&#8221;|||&#8221;][et_pb_text admin_label=&#8221;Introduction&#8221; _builder_version=&#8221;3.18.4&#8243; module_alignment=&#8221;left&#8221;]<\/p>\n<p>Chomh fada siar leis an 16\u00fa haois, ba ph\u00e1tr\u00fain th\u00e1bhachtacha sna heala\u00edona iad Buitl\u00e9araigh Urumhan. Is eol d\u00fainn gur choimisi\u00fanaigh S\u00e9amus de Buitl\u00e9ir, an 9\u00fa hIarla (1504-46), a phortr\u00e1id \u00f3 Hans Holbein \u00f3g, duine de na portr\u00e1idithe is m\u00f3 c\u00e1il i gc\u00fairt Anra\u00ed VII. Bh\u00ed baili\u00fach\u00e1n na nDi\u00fac sa 17\u00fa haois ar an gceann ba mh\u00f3 agus ba bhre\u00e1tha in \u00c9irinn ag an am; bh\u00ed os cionn 500 picti\u00far, 200 taip\u00e9is, trosc\u00e1n oirthearach, gr\u00e9ithe airgid agus objets d\u2019art \u00e9ags\u00fala ann.<\/p>\n<p>Is ioma\u00ed saothar a ceanna\u00edodh agus a d\u00edoladh sa cheithre ch\u00e9ad bliain ina dhiaidh sin, an baili\u00fach\u00e1n thuas seal agus th\u00edos seal, mar a bh\u00ed saibhreas an teaghlaigh. Tharla d\u00edolach\u00e1n deiridh agus rinneadh a raibh sa chaisle\u00e1n a ghortghlanadh sa 20\u00fa haois, ach ansin tharla teacht aniar agus \u00e9ir\u00ed \u00f3 na mairbh.<\/p>\n<p>Sa bhliain 1994, cheannaigh an St\u00e1t roinnt picti\u00far agus taip\u00e9is\u00ed a bh\u00ed i seilbh an teaghlaigh le fada. Bh\u00ed i gceist go nd\u00e9anfa\u00ed cuid den bhaili\u00fach\u00e1n a chaomhn\u00fa ina bhaile bunaidh. F\u00edorbheag\u00e1n taip\u00e9is\u00ed luatha at\u00e1 ar marthain sa t\u00edr seo, rud a thug suntas sa bhreis do svu\u00edt Decius Mus a th\u00e1inig sl\u00e1n i gCaisle\u00e1n Chill Chainnigh.<\/p>\n<p>Choimisi\u00fanaigh an OOP miontaighde ar an mbaili\u00fach\u00e1n. Thuairiscigh an taighde sin go raibh an-t\u00e1bhacht leis na picti\u00fair agus na taip\u00e9is\u00ed astu f\u00e9in ach gurbh \u00e9 an rud a thug t\u00e1bhacht idirn\u00e1isi\u00fanta d\u00f3 n\u00e1 go raibh baili\u00fach\u00e1n chomh suntasach f\u00f3s le ch\u00e9ile agus f\u00f3s ina bhaile bunaidh. Tugann s\u00e9 sin \u00e1it l\u00e1rnach d\u00f3 in oidhreacht eala\u00edne stairi\u00fail na h\u00c9ireann.<\/p>\n<p>Le caoga bliain anuas t\u00e1 Oifig na nOibreacha Poibl\u00ed tar \u00e9is beocht nua a chur i gCaisle\u00e1n Chill Chainnigh. Ar na saolta seo, t\u00e1 seanteach m\u00f3r gal\u00e1nta oscailte don chuairteoir, \u00e9 feistithe go c\u00faramach le picti\u00fair, taip\u00e9is\u00ed agus objets d\u2019art an teaghlaigh.<\/p>\n<p>Tugtar sean-r\u00e9 saibhris agus gal\u00e1ntachta chun cuimhne nuair a fheiceann an cuairteoir an svu\u00edt seomra\u00ed f\u00e1ilte; an Forsheomra, an Parl\u00fas agus an Leabharlann, lena mbrat url\u00e1ir patr\u00fanaithe, taip\u00e9is\u00ed balla de sh\u00edoda bu\u00ed, picti\u00fair agus trosc\u00e1n s\u00f3mhar. T\u00e1 an seomra bia lom l\u00e1n le gr\u00e9ithe airgid agus le soith\u00ed an teaghlaigh. T\u00e1 spl\u00e9achadh ar fhaisean Oirthearach an nao\u00fa haois d\u00e9ag le f\u00e1il sa Seomra Leapa S\u00edneach agus sa trosc\u00e1n coimhth\u00edoch ar fud an fhoirgnimh.<\/p>\n<p>I nGaileara\u00ed na bPicti\u00far, t\u00e1 t\u00e1bhacht ar leith le hailtireacht agus le dearadh \u00e1lainn an d\u00edn l\u00e1mhph\u00e9inte\u00e1ilte at\u00e1 maisithe le radhairc n\u00e1d\u00fara\u00edocha agus le mn\u00e1 r\u00e9amh-Rafaeil\u00edteacha. T\u00e1 portr\u00e1id\u00ed \u00e9ags\u00fala den teaghlach crochta sa seomra seo mar aon le taip\u00e9is\u00ed iontacha shraith Decius Mus \u00f3n 17\u00fa haois.<\/p>\n<p>[\/et_pb_text][et_pb_gallery _builder_version=&#8221;3.19.15&#8243; gallery_ids=&#8221;3934,3926,3933,3932,3927,3805,3758&#8243; hover_overlay_color=&#8221;rgba(255,255,255,0.9)&#8221; hover_icon=&#8221;%%40%%&#8221; orientation=&#8221;portrait&#8221; text_orientation=&#8221;center&#8221; pagination_text_align=&#8221;center&#8221; child_mix_blend_mode=&#8221;overlay&#8221; gallery_orderby=&#8221;rand&#8221; show_pagination=&#8221;off&#8221; \/][\/et_pb_column][\/et_pb_row][\/et_pb_section]<\/p>\n","protected":false},"excerpt":{"rendered":"<p><div class=\"et_pb_row et_pb_row_0 et_pb_row_empty\">\n\t\t\t\t\n\t\t\t\t\n\t\t\t\t\n\t\t\t\t\n\t\t\t\t\n\t\t\t<\/div> Chomh fada siar leis an 16\u00fa haois, ba ph\u00e1tr\u00fain th\u00e1bhachtacha sna heala\u00edona iad Buitl\u00e9araigh Urumhan. Is eol d\u00fainn gur choimisi\u00fanaigh S\u00e9amus de Buitl\u00e9ir, an 9\u00fa hIarla (1504-46), a phortr\u00e1id [&hellip;]<\/p>\n","protected":false},"author":1,"featured_media":0,"parent":0,"menu_order":0,"comment_status":"closed","ping_status":"closed","template":"","meta":{"_et_pb_use_builder":"on","_et_pb_old_content":"","_et_gb_content_width":"","footnotes":""},"class_list":["post-4813","page","type-page","status-publish","hentry"],"_links":{"self":[{"href":"https:\/\/www.kilkennycastle.ie\/ga\/wp-json\/wp\/v2\/pages\/4813","targetHints":{"allow":["GET"]}}],"collection":[{"href":"https:\/\/www.kilkennycastle.ie\/ga\/wp-json\/wp\/v2\/pages"}],"about":[{"href":"https:\/\/www.kilkennycastle.ie\/ga\/wp-json\/wp\/v2\/types\/page"}],"author":[{"embeddable":true,"href":"https:\/\/www.kilkennycastle.ie\/ga\/wp-json\/wp\/v2\/users\/1"}],"replies":[{"embeddable":true,"href":"https:\/\/www.kilkennycastle.ie\/ga\/wp-json\/wp\/v2\/comments?post=4813"}],"version-history":[{"count":0,"href":"https:\/\/www.kilkennycastle.ie\/ga\/wp-json\/wp\/v2\/pages\/4813\/revisions"}],"wp:attachment":[{"href":"https:\/\/www.kilkennycastle.ie\/ga\/wp-json\/wp\/v2\/media?parent=4813"}],"curies":[{"name":"wp","href":"https:\/\/api.w.org\/{rel}","templated":true}]}}