{"id":4776,"date":"2019-12-11T10:46:06","date_gmt":"2019-12-11T10:46:06","guid":{"rendered":"http:\/\/kilkennycastle.ie\/pairc-agus-gairdini\/"},"modified":"2023-04-25T16:31:47","modified_gmt":"2023-04-25T15:31:47","slug":"pairc-agus-gairdini","status":"publish","type":"page","link":"https:\/\/www.kilkennycastle.ie\/ga\/pairc-agus-gairdini\/","title":{"rendered":"P\u00e1irc agus Gaird\u00edn\u00ed"},"content":{"rendered":"<p>[et_pb_section fb_built=&#8221;1&#8243; fullwidth=&#8221;on&#8221; _builder_version=&#8221;4.16&#8243; global_colors_info=&#8221;{}&#8221;][et_pb_fullwidth_header title=&#8221;P\u00e1irc agus Gaird\u00edn\u00ed&#8221; subhead=&#8221;L\u00e9igh a Thuilleadh&#8221; text_orientation=&#8221;center&#8221; header_fullscreen=&#8221;on&#8221; header_scroll_down=&#8221;on&#8221; scroll_down_icon_size=&#8221;25px&#8221; background_overlay_color=&#8221;rgba(0,0,0,0.33)&#8221; _builder_version=&#8221;4.16&#8243; title_font_size=&#8221;50px&#8221; subhead_font_size=&#8221;23px&#8221; background_color=&#8221;rgba(255, 255, 255, 0)&#8221; background_image=&#8221;https:\/\/kilkennycastle.ie\/wp-content\/uploads\/2019\/01\/KKC-Image-Courtesy-of-the-OPW-From-Rose-Garden-Jun-15.jpg&#8221; max_width_tablet=&#8221;50px&#8221; global_colors_info=&#8221;{}&#8221; button_one_text_size__hover_enabled=&#8221;off&#8221; button_one_text_size__hover=&#8221;null&#8221; button_two_text_size__hover_enabled=&#8221;off&#8221; button_two_text_size__hover=&#8221;null&#8221; button_one_text_color__hover_enabled=&#8221;off&#8221; button_one_text_color__hover=&#8221;null&#8221; button_two_text_color__hover_enabled=&#8221;off&#8221; button_two_text_color__hover=&#8221;null&#8221; button_one_border_width__hover_enabled=&#8221;off&#8221; button_one_border_width__hover=&#8221;null&#8221; button_two_border_width__hover_enabled=&#8221;off&#8221; button_two_border_width__hover=&#8221;null&#8221; button_one_border_color__hover_enabled=&#8221;off&#8221; button_one_border_color__hover=&#8221;null&#8221; button_two_border_color__hover_enabled=&#8221;off&#8221; button_two_border_color__hover=&#8221;null&#8221; button_one_border_radius__hover_enabled=&#8221;off&#8221; button_one_border_radius__hover=&#8221;null&#8221; button_two_border_radius__hover_enabled=&#8221;off&#8221; button_two_border_radius__hover=&#8221;null&#8221; button_one_letter_spacing__hover_enabled=&#8221;on&#8221; button_one_letter_spacing__hover=&#8221;0&#8243; button_two_letter_spacing__hover_enabled=&#8221;on&#8221; button_two_letter_spacing__hover=&#8221;0&#8243; button_one_bg_color__hover_enabled=&#8221;off&#8221; button_one_bg_color__hover=&#8221;null&#8221; button_two_bg_color__hover_enabled=&#8221;off&#8221; button_two_bg_color__hover=&#8221;null&#8221;][\/et_pb_fullwidth_header][\/et_pb_section][et_pb_section fb_built=&#8221;1&#8243; _builder_version=&#8221;4.16&#8243; global_colors_info=&#8221;{}&#8221;][et_pb_row column_structure=&#8221;1_2,1_2&#8243; _builder_version=&#8221;4.16&#8243; background_size=&#8221;initial&#8221; background_position=&#8221;top_left&#8221; background_repeat=&#8221;repeat&#8221; global_colors_info=&#8221;{}&#8221;][et_pb_column type=&#8221;1_2&#8243; _builder_version=&#8221;4.16&#8243; custom_padding=&#8221;|||&#8221; global_colors_info=&#8221;{}&#8221; custom_padding__hover=&#8221;|||&#8221;][et_pb_text admin_label=&#8221;About Text and Gallery&#8221; _builder_version=&#8221;4.16&#8243; vertical_offset_tablet=&#8221;0&#8243; horizontal_offset_tablet=&#8221;0&#8243; module_alignment=&#8221;left&#8221; z_index_tablet=&#8221;0&#8243; text_text_shadow_horizontal_length_tablet=&#8221;0px&#8221; text_text_shadow_vertical_length_tablet=&#8221;0px&#8221; text_text_shadow_blur_strength_tablet=&#8221;1px&#8221; link_text_shadow_horizontal_length_tablet=&#8221;0px&#8221; link_text_shadow_vertical_length_tablet=&#8221;0px&#8221; link_text_shadow_blur_strength_tablet=&#8221;1px&#8221; ul_text_shadow_horizontal_length_tablet=&#8221;0px&#8221; ul_text_shadow_vertical_length_tablet=&#8221;0px&#8221; ul_text_shadow_blur_strength_tablet=&#8221;1px&#8221; ol_text_shadow_horizontal_length_tablet=&#8221;0px&#8221; ol_text_shadow_vertical_length_tablet=&#8221;0px&#8221; ol_text_shadow_blur_strength_tablet=&#8221;1px&#8221; quote_text_shadow_horizontal_length_tablet=&#8221;0px&#8221; quote_text_shadow_vertical_length_tablet=&#8221;0px&#8221; quote_text_shadow_blur_strength_tablet=&#8221;1px&#8221; header_text_shadow_horizontal_length_tablet=&#8221;0px&#8221; header_text_shadow_vertical_length_tablet=&#8221;0px&#8221; header_text_shadow_blur_strength_tablet=&#8221;1px&#8221; header_2_text_shadow_horizontal_length_tablet=&#8221;0px&#8221; header_2_text_shadow_vertical_length_tablet=&#8221;0px&#8221; header_2_text_shadow_blur_strength_tablet=&#8221;1px&#8221; header_3_text_shadow_horizontal_length_tablet=&#8221;0px&#8221; header_3_text_shadow_vertical_length_tablet=&#8221;0px&#8221; header_3_text_shadow_blur_strength_tablet=&#8221;1px&#8221; header_4_text_shadow_horizontal_length_tablet=&#8221;0px&#8221; header_4_text_shadow_vertical_length_tablet=&#8221;0px&#8221; header_4_text_shadow_blur_strength_tablet=&#8221;1px&#8221; header_5_text_shadow_horizontal_length_tablet=&#8221;0px&#8221; header_5_text_shadow_vertical_length_tablet=&#8221;0px&#8221; header_5_text_shadow_blur_strength_tablet=&#8221;1px&#8221; header_6_text_shadow_horizontal_length_tablet=&#8221;0px&#8221; header_6_text_shadow_vertical_length_tablet=&#8221;0px&#8221; header_6_text_shadow_blur_strength_tablet=&#8221;1px&#8221; box_shadow_horizontal_tablet=&#8221;0px&#8221; box_shadow_vertical_tablet=&#8221;0px&#8221; box_shadow_blur_tablet=&#8221;40px&#8221; box_shadow_spread_tablet=&#8221;0px&#8221; global_colors_info=&#8221;{}&#8221;]<\/p>\n<h3>P\u00e1irc agus Gaird\u00edn\u00ed Chaisle\u00e1n Chill Chainnigh<\/h3>\n<p>\u00a0Tr\u00e1th d\u00e1 raibh bh\u00ed fearann p\u00e1irce ar gach taobh den Chaisle\u00e1n agus \u00e9 timpeallaithe ag gaird\u00edn\u00ed a bh\u00ed breac le crainn bhre\u00e1tha. Laghda\u00edodh agus athra\u00edodh \u00e9 sin i gcaitheamh na gc\u00e9adta agus nuair a tugadh an caisle\u00e1n ar l\u00e1imh do mhuintir Chill Chainnigh sna 1960id\u00ed n\u00ed raibh ach c\u00faig acra dh\u00e9ag den talamh ag gabh\u00e1il leis go f\u00f3ill.<\/p>\n<p>T\u00e1 21 heicte\u00e1r tal\u00fan sa ph\u00e1irc sa l\u00e1 inniu. Su\u00edomh oiri\u00fanach don chaisle\u00e1n agus l\u00e1thair saor\u00e1ide den scoth at\u00e1 ann.<\/p>\n<p>Nuair a ghlac Oifig na nOibreacha Poibl\u00ed seilbh ar an gCaisle\u00e1n d\u00edr\u00edodh ar bheala\u00ed iontr\u00e1la nua a th\u00f3g\u00e1il chun an ph\u00e1irc a oscailt suas. Aims\u00edodh geata\u00ed iarann teilgthe \u00f3n nao\u00fa haois d\u00e9ag i bhFaiche Stiabhna Bhaile \u00c1tha Cliath a cuireadh sa bhealach iontr\u00e1la in aice le T\u00far na Par\u00e1ide. Rinneadh athphland\u00fa ar an bhfearann oscailte \u00f3 dheas \u00f3n gcaisle\u00e1n agus b\u00e9im ar chrainn agus ar thoir a bh\u00edonn dath leo \u00f3 cheann ceann na bliana a fh\u00e1s. Athch\u00f3ir\u00edodh cos\u00e1in agus cuireadh s\u00edneadh le roinnt acu.<\/p>\n<p>T\u00e1 gaird\u00edn foirme\u00e1lta ar an taobh thiar den chaisle\u00e1n ina bhfuil cos\u00e1in aiseacha ag leathadh amach \u00f3 scairde\u00e1n i l\u00e1r baill. T\u00e1 m\u00f3r\u00e1n an cruth c\u00e9anna ar an ngaird\u00edn anois agus a bh\u00ed in aimsir na nDi\u00fac. An scairde\u00e1n sin at\u00e1 ann anois, meastar go raibh s\u00e9 ina bhonn de ghn\u00e9 uisce sa seacht\u00fa haois d\u00e9ag an ch\u00e9ad la. T\u00e1 dh\u00e1 dhealbh luaidhe ar sheast\u00e1in in aice an chaisle\u00e1in: Heirm\u00e9as ceann acu, de r\u00e9ir na bundeilbhe i mBaili\u00fach\u00e1n na Vatac\u00e1ine, agus is \u00ed Diana an Fiaga\u00ed an ceann eile. Rinneadh athch\u00f3iri\u00fa le d\u00e9ana\u00ed ar na gn\u00e9ithe gaird\u00edn go l\u00e9ir, an l\u00e9ibheann\u00fa san \u00e1ireamh.<\/p>\n<p>D\u2019fh\u00e9adfadh go mbrathfadh oscailt l\u00e1ithre\u00e1n de chuid Oifig na nOibreacha Poibl\u00ed ar an aimsir agus chun s\u00e1bh\u00e1ilteacht agus foll\u00e1ine gach duine a dheimhni\u00fa, d\u2019fh\u00e9adfa\u00ed go mbeadh rochtain faoi r\u00e9ir athuithe ar gearrfh\u00f3gra. D\u00e9anfar gach iarracht chun na hiaimh seo a fh\u00f3gairt roimh am ach m\u00e1 t\u00e1 aon amhras ort, d\u00e9an seice\u00e1il leis an l\u00e1thair le do thoil le haghaidh a St\u00e1das Oscailte\/D\u00fanta.<\/p>\n<p>N\u00edl t\u00e1ille ar bith ar shi\u00fal\u00f3id n\u00e1 an fearann a bhreathn\u00fa.<br \/>Tabhair aire nach bhfuil cead ag BBQ i bp\u00e1irc an Chaisle\u00e1in.<br \/>T\u00e1 f\u00e1ilte roimh mhadra\u00ed ach is g\u00e1 iad a choime\u00e1d ar iall agus n\u00ed cheada\u00edtear sa loch iad, \u00f3ir t\u00e1 ainmhithe agus \u00e9in i mbun neadaithe ansin. T\u00e1 an c\u00f3d iompair d\u2019\u00fain\u00e9ir\u00ed madra ar f\u00e1il ag an nasc seo.<br \/>T\u00e1 treoirl\u00ednte faoi bhia oiri\u00fanach do lachan ar f\u00e1il anseo.<br \/>Br\u00faigh <a href=\"http:\/\/kilkennycastle.ie\/ga\/ticeid-agus-amanna\/\">anseo<\/a> le haghaidh amanna oscailte.<\/p>\n<h3><\/h3>\n<p>[\/et_pb_text][\/et_pb_column][et_pb_column type=&#8221;1_2&#8243; _builder_version=&#8221;4.16&#8243; custom_padding=&#8221;|||&#8221; global_colors_info=&#8221;{}&#8221; custom_padding__hover=&#8221;|||&#8221;][et_pb_image src=&#8221;http:\/\/kilkennycastle.ie\/wp-content\/uploads\/2021\/04\/Four-seasons-scaled.jpg&#8221; title_text=&#8221;Four seasons&#8221; _builder_version=&#8221;4.16&#8243; _module_preset=&#8221;default&#8221; global_colors_info=&#8221;{}&#8221;][\/et_pb_image][et_pb_image src=&#8221;http:\/\/kilkennycastle.ie\/wp-content\/uploads\/2021\/04\/Park-scaled.jpg&#8221; title_text=&#8221;Park&#8221; _builder_version=&#8221;4.16&#8243; _module_preset=&#8221;default&#8221; global_colors_info=&#8221;{}&#8221;][\/et_pb_image][\/et_pb_column][\/et_pb_row][\/et_pb_section][et_pb_section fb_built=&#8221;1&#8243; _builder_version=&#8221;4.16&#8243; background_color=&#8221;gcid-4cb7d1ec-1cee-49be-9524-c7e49435d023&#8243; global_colors_info=&#8221;{%22gcid-4cb7d1ec-1cee-49be-9524-c7e49435d023%22:%91%22background_color%22%93}&#8221;][et_pb_row _builder_version=&#8221;4.16&#8243; _module_preset=&#8221;default&#8221; global_colors_info=&#8221;{}&#8221;][et_pb_column type=&#8221;4_4&#8243; _builder_version=&#8221;4.16&#8243; _module_preset=&#8221;default&#8221; global_colors_info=&#8221;{}&#8221;][et_pb_text _builder_version=&#8221;4.20.2&#8243; _module_preset=&#8221;default&#8221; global_colors_info=&#8221;{}&#8221;]<\/p>\n<h2>Madra\u00ed<\/h2>\n<p>[\/et_pb_text][\/et_pb_column][\/et_pb_row][et_pb_row _builder_version=&#8221;4.20.2&#8243; _module_preset=&#8221;default&#8221; global_colors_info=&#8221;{}&#8221;][et_pb_column type=&#8221;4_4&#8243; _builder_version=&#8221;4.16&#8243; _module_preset=&#8221;default&#8221; global_colors_info=&#8221;{}&#8221;][et_pb_text _builder_version=&#8221;4.20.2&#8243; _module_preset=&#8221;default&#8221; global_colors_info=&#8221;{}&#8221;]<\/p>\n<h3><strong>T\u00e1 f\u00e1ilte roimh mhadra\u00ed agus a n-\u00fain\u00e9ir\u00ed freagracha ag P\u00e1irc Chaisle\u00e1n Chill Chainnigh <\/strong><\/h3>\n<p>T\u00e1 fl\u00fairse cos\u00e1n anseo sna tailte p\u00e1irce (21 heicte\u00e1r) at\u00e1 thar a bheith oiri\u00fanach le haghaidh madra\u00ed.<\/p>\n<p>\u00cdosl\u00f3d\u00e1il le do thoil an <a href=\"https:\/\/kilkennycastle.ie\/wp-content\/uploads\/2020\/03\/dog_owner_code_of_conduct_2020_03_13.pdf\">C\u00f3d Cleachtais le haghaidh \u00dain\u00e9ir\u00ed Madra\u00ed<\/a> (PDF) \u2013 cabhraigh linn an choillearnach, na pl\u00e1s\u00f3ga agus na gaird\u00edn\u00ed a choime\u00e1d glan mar \u00e1iteanna spraoi do ch\u00e1ch.<\/p>\n<p><strong>Coinn\u00edtear madra\u00ed ar iall:<\/strong><\/p>\n<p>Le do thoil, coinnigh bhur madra\u00ed ar iall ghearr i gc\u00f3na\u00ed.<\/p>\n<p><strong>Glan suas i ndiaidh do mhadra:<\/strong><\/p>\n<p>T\u00e1 m\u00e1la\u00ed ar f\u00e1il saor in aisce taobh leis na cos\u00e1in agus in aice na ngeata\u00ed, agus t\u00e1 fl\u00fairse canna\u00ed\u00a0 bruscair. Bain \u00fas\u00e1id as na m\u00e1la\u00ed agus na canna\u00ed chun an ph\u00e1irc a choime\u00e1d glan agus sl\u00e1n.<\/p>\n<p><strong>Coinnigh do mhadra i gc\u00f3ngar duit<\/strong><\/p>\n<p>N\u00ed thaitn\u00edonn madra\u00ed le gach duine, mar sin coinnigh do mhadra in aice leat. Ach go h\u00e1irithe, n\u00e1 lig dod madra cur isteach ar fhiadh\u00falra cois locha. T\u00e1 cosc ar mhadra\u00ed dul isteach san uisce, mar sin n\u00e1 caith aon n\u00ed isteach san uisce rompu.<\/p>\n<p><strong>Cine\u00e1lacha madra at\u00e1 faoi shrianadh:<\/strong><\/p>\n<p>Faoi r\u00e9ir na <a href=\"https:\/\/www.irishstatutebook.ie\/eli\/1998\/si\/442\/made\/en\/print#\">Rialach\u00e1in um Shrianadh Madra\u00ed 1998<\/a>, is g\u00e1 d\u2019\u00fain\u00e9ir\u00ed madra\u00ed at\u00e1 faoi shrianadh clo\u00ed freisin leis na rialacha seo a leanas:<\/p>\n<ul>\n<li>N\u00ed fol\u00e1ir madra\u00ed a bheith faoi bh\u00e9al\u00f3g<\/li>\n<li>N\u00ed fol\u00e1ir madra\u00ed a choime\u00e1d ar iall ghearr n\u00f3 slabhra s\u00e1ch l\u00e1idir nach m\u00f3 n\u00e1 2 mh\u00e9adar.<\/li>\n<li>N\u00ed fol\u00e1ir b\u00f3na a chur ar an madra le faisn\u00e9is an \u00fain\u00e9ara, ainm agus seoladh ioml\u00e1n san \u00e1ireamh.<\/li>\n<li>N\u00ed cead do dhuine ar bith faoi bhun 16 bliana d\u2019aois bheith i bhfeighil an mhadra.<\/li>\n<\/ul>\n<p>F\u00e9ach th\u00edos an liosta de <strong>Chine\u00e1lacha madra at\u00e1 faoi shrianadh<\/strong>:<\/p>\n<p>[\/et_pb_text][\/et_pb_column][\/et_pb_row][et_pb_row _builder_version=&#8221;4.20.2&#8243; _module_preset=&#8221;default&#8221; global_colors_info=&#8221;{}&#8221;][et_pb_column type=&#8221;4_4&#8243; _builder_version=&#8221;4.17.3&#8243; _module_preset=&#8221;default&#8221; global_colors_info=&#8221;{}&#8221;][et_pb_gallery gallery_ids=&#8221;14903,14893,14891,14889,14887,14885,14897,14899,14895,14901&#8243; _builder_version=&#8221;4.20.4&#8243; _module_preset=&#8221;default&#8221; hover_enabled=&#8221;0&#8243; global_colors_info=&#8221;{}&#8221; sticky_enabled=&#8221;0&#8243;][\/et_pb_gallery][\/et_pb_column][\/et_pb_row][\/et_pb_section][et_pb_section fb_built=&#8221;1&#8243; _builder_version=&#8221;4.20.2&#8243; background_color=&#8221;#FFFFFF&#8221; global_colors_info=&#8221;{}&#8221;][et_pb_row _builder_version=&#8221;4.16&#8243; _module_preset=&#8221;default&#8221; global_colors_info=&#8221;{}&#8221;][et_pb_column type=&#8221;4_4&#8243; _builder_version=&#8221;4.16&#8243; _module_preset=&#8221;default&#8221; global_colors_info=&#8221;{}&#8221;][et_pb_text _builder_version=&#8221;4.17.3&#8243; _module_preset=&#8221;default&#8221; global_colors_info=&#8221;{}&#8221;]<\/p>\n<h2>Bith\u00e9ags\u00falacht<\/h2>\n<p>[\/et_pb_text][\/et_pb_column][\/et_pb_row][et_pb_row column_structure=&#8221;1_3,1_3,1_3&#8243; _builder_version=&#8221;4.16&#8243; _module_preset=&#8221;default&#8221; global_colors_info=&#8221;{}&#8221;][et_pb_column type=&#8221;1_3&#8243; _builder_version=&#8221;4.16&#8243; _module_preset=&#8221;default&#8221; global_colors_info=&#8221;{}&#8221;][et_pb_image src=&#8221;https:\/\/kilkennycastle.ie\/wp-content\/uploads\/2021\/10\/imgpreview.jpg&#8221; title_text=&#8221;imgpreview&#8221; url=&#8221;https:\/\/kilkennycastle.ie\/ga\/boscai-neadaireachta\/&#8221; _builder_version=&#8221;4.17.3&#8243; _module_preset=&#8221;default&#8221; height=&#8221;300px&#8221; global_colors_info=&#8221;{}&#8221;][\/et_pb_image][et_pb_text _builder_version=&#8221;4.17.3&#8243; _module_preset=&#8221;default&#8221; link_option_url=&#8221;https:\/\/kilkennycastle.ie\/ga\/boscai-neadaireachta\/&#8221; global_colors_info=&#8221;{}&#8221;]<\/p>\n<h2><strong>Bosca\u00ed Neadaireachta <\/strong><\/h2>\n<p>Cuir eolas ar na bosca\u00ed neadaireachta agus ar na cine\u00e1lacha \u00e9ags\u00fala \u00e9an a neada\u00edonn agus a th\u00e9ann ar an bhfara i bP\u00e1irc an Chaisle\u00e1in.<\/p>\n<p>[\/et_pb_text][\/et_pb_column][et_pb_column type=&#8221;1_3&#8243; _builder_version=&#8221;4.16&#8243; _module_preset=&#8221;default&#8221; global_colors_info=&#8221;{}&#8221;][et_pb_image src=&#8221;https:\/\/kilkennycastle.ie\/wp-content\/uploads\/2021\/05\/Erithacus_rubecula_with_cocked_head-scaled.jpg&#8221; title_text=&#8221;OLYMPUS DIGITAL CAMERA&#8221; _builder_version=&#8221;4.16&#8243; _module_preset=&#8221;default&#8221; height=&#8221;300px&#8221; global_colors_info=&#8221;{}&#8221;][\/et_pb_image][et_pb_text _builder_version=&#8221;4.16&#8243; _module_preset=&#8221;default&#8221; global_colors_info=&#8221;{}&#8221;]<\/p>\n<h4>L\u00e1 Idirn\u00e1isi\u00fanta um Cheili\u00far na Camhaoire 2021<\/h4>\n<p>Chun an siansa n\u00e1d\u00fartha is m\u00f3 a cheili\u00faradh, dh\u00e9anamar taifeadadh ar cheol \u00e1lainn na n-\u00e9an i bP\u00e1irc an Chaisle\u00e1in ar an Domhnach 2 Bealtaine 2021. Clice\u00e1il ar an scamall fuaime agus \u00e9ist le fuaimeanna saini\u00fala \u00f3 chuid de na h\u00e9in is gl\u00f3ra\u00ed at\u00e1 againn.<\/p>\n<p><iframe width=\"100%\" height=\"166\" scrolling=\"no\" frameborder=\"no\" allow=\"autoplay\" src=\"https:\/\/w.soundcloud.com\/player\/?url=https%3A\/\/api.soundcloud.com\/tracks\/1041032284&amp;color=%23ff5500&amp;auto_play=false&amp;hide_related=false&amp;show_comments=true&amp;show_user=true&amp;show_reposts=false&amp;show_teaser=true\"><\/iframe><\/p>\n<div style=\"font-size: 10px; color: #cccccc; line-break: anywhere; word-break: normal; overflow: hidden; white-space: nowrap; text-overflow: ellipsis; font-family: Interstate,Lucida Grande,Lucida Sans Unicode,Lucida Sans,Garuda,Verdana,Tahoma,sans-serif; font-weight: 100;\"><a href=\"https:\/\/soundcloud.com\/opwireland\" title=\"Office of Public Works\" target=\"_blank\" style=\"color: #cccccc; text-decoration: none;\" rel=\"noopener\">Office of Public Works<\/a> \u00b7 <a href=\"https:\/\/soundcloud.com\/opwireland\/river\" title=\"River\" target=\"_blank\" style=\"color: #cccccc; text-decoration: none;\" rel=\"noopener\">River<\/a><\/div>\n<p>[\/et_pb_text][\/et_pb_column][et_pb_column type=&#8221;1_3&#8243; _builder_version=&#8221;4.16&#8243; _module_preset=&#8221;default&#8221; global_colors_info=&#8221;{}&#8221;][et_pb_image src=&#8221;https:\/\/kilkennycastle.ie\/wp-content\/uploads\/2021\/04\/biodiversity-logo-1.png&#8221; title_text=&#8221;biodiversity-logo&#8221; url=&#8221;https:\/\/records.biodiversityireland.ie\/start-recording&#8221; _builder_version=&#8221;4.16&#8243; _module_preset=&#8221;default&#8221; global_colors_info=&#8221;{}&#8221;][\/et_pb_image][et_pb_text _builder_version=&#8221;4.16&#8243; _module_preset=&#8221;default&#8221; global_colors_info=&#8221;{}&#8221;]<\/p>\n<p>Cuidigh linn bith\u00e9ags\u00falacht Ph\u00e1irc an Chaisle\u00e1in a thaifeadadh \u2013 cuir tuairisc ar a bhfeiceann t\u00fa ar Thairseach Eola\u00edochta Saor\u00e1nach \u00c9ireann, an tIonad N\u00e1isi\u00fanta um Shonra\u00ed Bith\u00e9ags\u00falachta.<\/p>\n<p>[\/et_pb_text][\/et_pb_column][\/et_pb_row][et_pb_row column_structure=&#8221;1_3,1_3,1_3&#8243; _builder_version=&#8221;4.17.3&#8243; _module_preset=&#8221;default&#8221; global_colors_info=&#8221;{}&#8221;][et_pb_column type=&#8221;1_3&#8243; _builder_version=&#8221;4.17.3&#8243; _module_preset=&#8221;default&#8221; global_colors_info=&#8221;{}&#8221;][et_pb_image src=&#8221;https:\/\/kilkennycastle.ie\/wp-content\/uploads\/2022\/03\/Tree-Trail.png&#8221; title_text=&#8221;Tree Trail&#8221; url=&#8221;https:\/\/kilkennycastle.ie\/wp-content\/uploads\/2022\/03\/Tree-Trail-converted-compressed.pdf&#8221; _builder_version=&#8221;4.17.3&#8243; _module_preset=&#8221;default&#8221; height=&#8221;300px&#8221; global_colors_info=&#8221;{}&#8221;][\/et_pb_image][et_pb_text _builder_version=&#8221;4.17.3&#8243; _module_preset=&#8221;default&#8221; link_option_url=&#8221;https:\/\/kilkennycastle.ie\/wp-content\/uploads\/2022\/03\/Tree-Trail-converted-compressed.pdf&#8221; global_colors_info=&#8221;{}&#8221;]<\/p>\n<h2>Conair na gCrann<\/h2>\n<p>[\/et_pb_text][\/et_pb_column][et_pb_column type=&#8221;1_3&#8243; _builder_version=&#8221;4.17.3&#8243; _module_preset=&#8221;default&#8221; global_colors_info=&#8221;{}&#8221;][\/et_pb_column][et_pb_column type=&#8221;1_3&#8243; _builder_version=&#8221;4.17.3&#8243; _module_preset=&#8221;default&#8221; global_colors_info=&#8221;{}&#8221;][\/et_pb_column][\/et_pb_row][\/et_pb_section]<\/p>\n","protected":false},"excerpt":{"rendered":"<p>P\u00e1irc agus Gaird\u00edn\u00ed Chaisle\u00e1n Chill Chainnigh \u00a0Tr\u00e1th d\u00e1 raibh bh\u00ed fearann p\u00e1irce ar gach taobh den Chaisle\u00e1n agus \u00e9 timpeallaithe ag gaird\u00edn\u00ed a bh\u00ed breac le crainn bhre\u00e1tha. Laghda\u00edodh agus [&hellip;]<\/p>\n","protected":false},"author":1,"featured_media":0,"parent":0,"menu_order":0,"comment_status":"closed","ping_status":"closed","template":"","meta":{"_et_pb_use_builder":"on","_et_pb_old_content":"","_et_gb_content_width":"","footnotes":""},"class_list":["post-4776","page","type-page","status-publish","hentry"],"_links":{"self":[{"href":"https:\/\/www.kilkennycastle.ie\/ga\/wp-json\/wp\/v2\/pages\/4776","targetHints":{"allow":["GET"]}}],"collection":[{"href":"https:\/\/www.kilkennycastle.ie\/ga\/wp-json\/wp\/v2\/pages"}],"about":[{"href":"https:\/\/www.kilkennycastle.ie\/ga\/wp-json\/wp\/v2\/types\/page"}],"author":[{"embeddable":true,"href":"https:\/\/www.kilkennycastle.ie\/ga\/wp-json\/wp\/v2\/users\/1"}],"replies":[{"embeddable":true,"href":"https:\/\/www.kilkennycastle.ie\/ga\/wp-json\/wp\/v2\/comments?post=4776"}],"version-history":[{"count":5,"href":"https:\/\/www.kilkennycastle.ie\/ga\/wp-json\/wp\/v2\/pages\/4776\/revisions"}],"predecessor-version":[{"id":15099,"href":"https:\/\/www.kilkennycastle.ie\/ga\/wp-json\/wp\/v2\/pages\/4776\/revisions\/15099"}],"wp:attachment":[{"href":"https:\/\/www.kilkennycastle.ie\/ga\/wp-json\/wp\/v2\/media?parent=4776"}],"curies":[{"name":"wp","href":"https:\/\/api.w.org\/{rel}","templated":true}]}}