{"id":15683,"date":"2024-01-13T11:55:31","date_gmt":"2024-01-13T11:55:31","guid":{"rendered":"https:\/\/kilkennycastle.ie\/ceisteanna-coitianta\/"},"modified":"2024-01-13T12:11:26","modified_gmt":"2024-01-13T12:11:26","slug":"ceisteanna-coitianta","status":"publish","type":"page","link":"https:\/\/www.kilkennycastle.ie\/ga\/ceisteanna-coitianta\/","title":{"rendered":"Ceisteanna Coitianta"},"content":{"rendered":"<p>[et_pb_section fb_built=&#8221;1&#8243; _builder_version=&#8221;4.16&#8243; global_colors_info=&#8221;{}&#8221;][et_pb_row _builder_version=&#8221;4.16&#8243; background_size=&#8221;initial&#8221; background_position=&#8221;top_left&#8221; background_repeat=&#8221;repeat&#8221; global_colors_info=&#8221;{}&#8221;][et_pb_column type=&#8221;4_4&#8243; _builder_version=&#8221;4.16&#8243; custom_padding=&#8221;|||&#8221; global_colors_info=&#8221;{}&#8221; custom_padding__hover=&#8221;|||&#8221;][et_pb_text _builder_version=&#8221;4.23.4&#8243; background_size=&#8221;initial&#8221; background_position=&#8221;top_left&#8221; background_repeat=&#8221;repeat&#8221; hover_enabled=&#8221;0&#8243; global_colors_info=&#8221;{}&#8221; sticky_enabled=&#8221;0&#8243;]<\/p>\n<h1><strong>Athraigh agus ceannaigh do thic\u00e9ad<\/strong><\/h1>\n<p><strong><\/strong><\/p>\n<h2><strong>\u00a0<\/strong><strong>An g\u00e1 dom mo thic\u00e9ad a chur in \u00e1irithe ar l\u00edne?<\/strong><\/h2>\n<p>Cinnt\u00edonn \u00e1irithint ar l\u00edne cead iontr\u00e1la agus laghda\u00edonn s\u00e9 an m\u00e9id ama a chaitear i scuain\u00ed ag su\u00edomhanna gn\u00f3thacha. Ag roinnt su\u00edomhanna, t\u00e1 l\u00edon teoranta tic\u00e9ad ar f\u00e1il le ceannach ar an l\u00e1.<\/p>\n<p>&nbsp;<\/p>\n<h2>C\u00e9ard a chialla\u00edonn an eochair eolais f\u00e9ilire?<\/h2>\n<ul>\n<li><strong>Ar f\u00e1il<\/strong>: is f\u00e9idir leat tic\u00e9id a cheannach ar l\u00edne f\u00f3s don turas\/am(anna) roghnaithe<\/li>\n<li><strong>D\u00edolta Amach<\/strong>: t\u00e1 gach tic\u00e9ad don turas\/am(anna) seo d\u00edolta<\/li>\n<li><strong>N\u00edl Ar F\u00e1il Ar L\u00edne<\/strong>: n\u00ed f\u00e9idir ach tic\u00e9id don turas\/am(anna) seo a cheannach nuair a shroicheann t\u00fa an su\u00edomh<\/li>\n<\/ul>\n<p>&nbsp;<\/p>\n<h2>T\u00e1 cuairteanna f\u00e9intreoraithe ar f\u00e1il ag roinnt su\u00edomhanna, c\u00e9ard at\u00e1 i gceist leo?<\/h2>\n<p>Cialla\u00edonn s\u00e9, ar an d\u00e1ta at\u00e1 roghnaithe agat, gur f\u00e9idir leat cuairt a thabhairt ar an su\u00edomh am ar bith agus tamall a chaitheamh ag si\u00fal thart ar do shuaimhneas. Beidh \u00e1iseanna cuairte ar f\u00e1il nuair a shroicheann t\u00fa an su\u00edomh agus t\u00e1 br\u00f3isi\u00fair le f\u00e1il ag roinnt su\u00edomhanna ar f\u00e9idir leat iad a \u00edosl\u00f3d\u00e1il roimh r\u00e9 \u00f3n su\u00edomh gr\u00e9as\u00e1in.<\/p>\n<p>Tabhair faoi deara, ainneoin gur turas treoraithe amh\u00e1in at\u00e1 le f\u00e1il ag roinnt su\u00edomhanna go bhfuil taispe\u00e1ntais f\u00e9intreoraithe ar f\u00e1il freisin ar f\u00e9idir leat breathn\u00fa orthu roimh n\u00f3 i ndiaidh do thuras treoraithe.<\/p>\n<p>&nbsp;<\/p>\n<h2>Conas is f\u00e9idir \u00e1irithint ghr\u00fapa a dh\u00e9anamh?<\/h2>\n<p>F\u00e1iltim\u00edd roimh \u00e1irithint\u00ed gr\u00fapa &#8211; m\u00e1s mian leat turais allamuigh scoile n\u00f3 turais ghr\u00fapa a chur in \u00e1irithe d\u00e9an teagmh\u00e1il leis an su\u00edomh go d\u00edreach <a href=\"mailto:bookingskilkennycastle@opw.ie\">bookingskilkennycastle@opw.ie<\/a>. Is do dhaoine aonair iad \u00e1iseanna \u00e1irithinte ar l\u00edne OPW faoi l\u00e1thair, agus n\u00ed f\u00e9idir ach uasl\u00edon tic\u00e9ad a cheannach.<\/p>\n<p>&nbsp;<\/p>\n<h2>N\u00ed raibh m\u00e9 in ann mo thic\u00e9ad a phriont\u00e1il, c\u00e9ard ba cheart dom a dh\u00e9anamh?<\/h2>\n<p>Is f\u00e9idir leat do thic\u00e9ad a thaispe\u00e1int ar ghl\u00e9as m\u00f3ib\u00edleach ag an mbealach isteach chuig an su\u00edomh. Mura n-\u00e9ir\u00edonn leat \u00e9 sin a dh\u00e9anamh, tabhair do thagairt \u00e1irithinte, ainm n\u00f3 an seoladh r\u00edomhphoist a d\u2019\u00fas\u00e1id t\u00fa do d\u2019\u00e1irithint a dh\u00e9anamh leat, ach n\u00e1 dearmad go mbeidh tionchar aige seo ar an m\u00e9id ama a chaitheann t\u00fa sa scuaine.<\/p>\n<h2><\/h2>\n<h2>C\u00e9 chomh fada roimh r\u00e9 is f\u00e9idir liom mo thic\u00e9id a chur in \u00e1irithe?<\/h2>\n<p>T\u00e1 gach su\u00edomh difri\u00fail; d\u2019fh\u00e9adfadh go mbeadh 28 l\u00e1 i gceist n\u00f3 go mbeadh 6 mh\u00ed i gceist, agus n\u00ed f\u00e9idir i gc\u00f3na\u00ed tic\u00e9id a chur in \u00e1irithe ar an l\u00e1. Seice\u00e1il coinn\u00edollacha iontr\u00e1la gach su\u00edomh.<\/p>\n<p>&nbsp;<\/p>\n<h2>Rinne m\u00e9 bot\u00fan nuair a bh\u00ed m\u2019\u00e1irithint \u00e1 d\u00e9anamh agam, an f\u00e9idir liom an \u00e1irithint a athr\u00fa n\u00f3 a thabhairt do dhuine \u00e9igin eile?<\/h2>\n<p>Ar an drochuair, n\u00ed f\u00e9idir d\u00e1ta n\u00f3 am d\u2019\u00e1irithinte a athr\u00fa agus t\u00e1 tic\u00e9id neamh-inaistrithe. F\u00e9ach ar na T\u00e9arma\u00ed &amp; Coinn\u00edollacha<\/p>\n<p>&nbsp;<\/p>\n<h2>An f\u00e9idir liom \u00e1irithint a cheal\u00fa agus ais\u00edoca\u00edocht a fh\u00e1il?<\/h2>\n<p>Ar an drochuair, n\u00ed f\u00e9idir ais\u00edoca\u00edocht a fh\u00e1il do thic\u00e9id. F\u00e9ach ar na T\u00e9arma\u00ed &amp; Coinn\u00edollacha.<\/p>\n<p>&nbsp;<\/p>\n<h2>N\u00ed bhfuair m\u00e9 r\u00edomhphost deimhnithe ach t\u00e1 an t-airgead bainte as mo chuntas; c\u00e9ard is f\u00e9idir liom a dh\u00e9anamh?<\/h2>\n<p>\u00c1r leithsc\u00e9al, ach d\u2019fh\u00e9adfadh c\u00fapla c\u00fais a bheith leis seo:<\/p>\n<ul>\n<li>B\u2019fh\u00e9idir go bhfuil an r\u00edomhphost deimhnithe i d\u2019fhillte\u00e1n Turscair n\u00f3 Dramhphoist. Seice\u00e1il an bhfuair t\u00fa r\u00edomhphost \u00f3n bhfearann <em>@opw.ie<\/em><\/li>\n<li>B\u2019fh\u00e9idir go bhfuil earr\u00e1id chl\u00f3scr\u00edbhneoireachta i do sheoladh r\u00edomhphoist. D\u00e9an teagmh\u00e1il leis an su\u00edomh a bheidh in ann a sheice\u00e1il an raibh an \u00e1irithint pr\u00f3ise\u00e1ilte ina hioml\u00e1ine agus deimhni\u00fa a eisi\u00faint m\u00e1 bh\u00ed<\/li>\n<li>D\u2019fh\u00e9adfadh go mbeadh moill mar gheall ar fhadhbanna leis an bhFreastala\u00ed. Seice\u00e1il do r\u00edomhphost ar\u00eds n\u00edos d\u00e9ana\u00ed<\/li>\n<li>Murar pr\u00f3ise\u00e1ladh d\u2019\u00e1irithint agus m\u00e1 t\u00e1 an \u00edoca\u00edocht ar feitheamh, cuirfear an \u00edoca\u00edocht ar ais i do chuntas i gceann c\u00fapla l\u00e1<\/li>\n<\/ul>\n<p>&nbsp;<\/p>\n<h2>N\u00edl m\u00e9 in ann m\u2019\u00e1irithint ar l\u00edne a chr\u00edochn\u00fa; c\u00e9ard ba cheart dom a dh\u00e9anamh?<\/h2>\n<p>T\u00e1 br\u00f3n orainn agus d\u2019fh\u00e9adfadh c\u00faiseanna \u00e9ags\u00fala a bheith ag cur cosc ort d\u2019ord\u00fa a chr\u00edochn\u00fa. Bain triail as na nithe seo a leanas:<\/p>\n<ul>\n<li>Seice\u00e1il do nasc Idirl\u00edn agus athnuaigh an leathanach Gr\u00e9as\u00e1in<\/li>\n<li>Bain triail as ar\u00eds ach \u00fas\u00e1id Brabhs\u00e1la\u00ed eile<\/li>\n<li>Atosaigh do r\u00edomhaire<\/li>\n<\/ul>\n<p>&nbsp;<\/p>\n<h2>N\u00ed f\u00e9idir liom dul n\u00edos faide n\u00e1 an ch\u00e9im \u00edoca\u00edochta; c\u00e9ard a chialla\u00edonn s\u00e9 sin?<\/h2>\n<p>D\u2019fh\u00e9adfadh c\u00fapla c\u00fais a bheith leis seo:<\/p>\n<ul>\n<li>B\u2019fh\u00e9idir nach bhfuil cuid de na sonra\u00ed ar an leathanach ceart n\u00f3 l\u00edonta isteach. Seice\u00e1il sonra\u00ed shealbh\u00f3ir an ch\u00e1rta, C\u00f3d CVC agus d\u00e1ta \u00e9aga<\/li>\n<li>Seachain \u00edoca\u00edochta\u00ed d\u00fabailte agus seice\u00e1il nach bhfuil an \u00edoca\u00edocht d\u00e9anta cheana f\u00e9in roimh iarracht eile a dh\u00e9anamh<\/li>\n<li>Uaireanta cabhra\u00edonn s\u00e9 m\u00e1 bhaineann t\u00fa triail as ar\u00eds ag \u00fas\u00e1id Brabhs\u00e1la\u00ed difri\u00fail<\/li>\n<li>B\u2019fh\u00e9idir go bhfuil fadhb leis an gcuntas n\u00f3 c\u00e1rta creidmheasa; bain triail eile as agus \u00fas\u00e1id c\u00e1rta difri\u00fail m\u00e1s f\u00e9idir<\/li>\n<\/ul>\n<p>&nbsp;<\/p>\n<h2>An f\u00e9idir liom \u00e1irithint a dh\u00e9anamh ar an teileaf\u00f3n?<\/h2>\n<p>Ar an drochuair n\u00ed f\u00e9idir, n\u00edl tic\u00e9id ar f\u00e1il ach ar l\u00edne n\u00f3 le ceannach ag su\u00edomhanna \u00e1irithe agus n\u00ed f\u00e9idir leat a bheith cinnte go dtabharfar cead iontr\u00e1la duit.<\/p>\n<h2><\/h2>\n<h2>C\u00e9n f\u00e1th a bhfuil t\u00e1ille \u00e1irithinte ar l\u00edne le h\u00edoc?<\/h2>\n<p>T\u00e1 \u00e1r dt\u00e1ille strucht\u00fartha go c\u00faramach againn bunaithe ar na costais a bhaineann le seirbh\u00eds tic\u00e9adaithe a chur ar f\u00e1il agus is gn\u00e1thchleachtas \u00e9 t\u00e1ille riarach\u00e1in a bheith le h\u00edoc nuair a dh\u00e9antar \u00e1irithint ar l\u00edne.<\/p>\n<p>&nbsp;<\/p>\n<p>&nbsp;<\/p>\n<h1><strong>Lascain\u00ed<\/strong><\/h1>\n<h2><strong>An g\u00e1 dom \u00e1irithint a dh\u00e9anamh ar l\u00edne m\u00e1 t\u00e1 C\u00e1rta Oidhreachta agam?<\/strong><\/h2>\n<p>Is g\u00e1, cos\u00fail le cead iontr\u00e1la le t\u00e1ille, t\u00e1 cead iontr\u00e1la faoi r\u00e9ir tic\u00e9id a bheith ar f\u00e1il. Cuir do thic\u00e9ad\/do thic\u00e9id saor in aisce in \u00e1irithe tr\u00edd an nasc agus cine\u00e1l tic\u00e9id ceart a roghn\u00fa. Cinntigh go dtugann t\u00fa do Ch\u00e1rta leat le do dheimhni\u00fa \u00e1irithinte n\u00f3 beidh an gn\u00e1thr\u00e1ta le h\u00edoc.<\/p>\n<p>&nbsp;<\/p>\n<h2>T\u00e1 m\u00e9 ag iarraidh cuairt a thabhairt ar shu\u00edomh ach t\u00e1 m\u00e9 ag iarraidh C\u00e1rta Oidhreachta a cheannach chomh maith? Ar cheart dom tic\u00e9ad a chur in \u00e1irithe roimh r\u00e9?<\/h2>\n<p>Ba cheart, m\u00e1 t\u00e1 t\u00fa ag iarraidh a bheith cinnte go mbeidh cead iontr\u00e1la agat. Is f\u00e9idir leat do thic\u00e9ad saor in aisce a chur in \u00e1irithint tr\u00edd an nasc \u2018C\u00e1rta Oidhreachta Bliana OPW\u2019 a lean\u00faint agus do Ch\u00e1rta(\u00ed) Oidhreachta OPW a cheannach nuair a shroicheann t\u00fa an su\u00edomh, ach b\u00ed cinnte am breise a chur san \u00e1ireamh, go h\u00e1irithe m\u00e1 t\u00e1 turas f\u00e9intreoraithe curtha in \u00e1irithe agat. T\u00e1 seans ann go mbeidh tionchar aige seo ar an m\u00e9id ama a chaitheann t\u00fa sa scuaine chomh maith.<\/p>\n<p>&nbsp;<\/p>\n<h2>C\u00e9ard a tharla\u00edonn m\u00e1 dh\u00e9anaim dearmad ar mo Ch\u00e1rta Oidhreachta ar an l\u00e1 a dtugaim cuairt ar an su\u00edomh?<\/h2>\n<p>Ar an drochuair, m\u00e1 chuir t\u00fa Tic\u00e9ad Dea-Mh\u00e9ine in \u00e1irithe, ach mura bhfuil t\u00fa in ann an c\u00e1rta lascaine cu\u00ed a thaispe\u00e1int nuair a shroicheann t\u00fa an su\u00edomh, beidh ort an gn\u00e1thr\u00e1ta a \u00edoc. M\u00e1 t\u00e1 turas treoraithe ag am sonrach curtha in \u00e1irithe agat, cialla\u00edonn s\u00e9 nach g\u00e1 go mbeadh cead iontr\u00e1la agat mar go mb\u2019fh\u00e9idir nach mbeadh t\u00fa in am mar gheall ar an moill.<\/p>\n<p>&nbsp;<\/p>\n<p>An nglactar le C\u00e1rta\u00ed Idirn\u00e1isi\u00fanta Mic L\u00e9inn?<\/p>\n<p>Glacann, glacann gach su\u00edomh OPW le c\u00e1rta\u00ed mic l\u00e9inn bail\u00ed nach m\u00f3r a thaispe\u00e1int nuair a shroicheann t\u00fa an su\u00edomh chun do Thic\u00e9ad Mic L\u00e9inn a bhail\u00edocht\u00fa.<\/p>\n<p>&nbsp;<\/p>\n<h2>T\u00e1 m\u00e9 60 bliain d\u2019aois ach n\u00edl m\u00e9 ar scor go f\u00f3ill; an f\u00e9idir liom tairbhe a bhaint as an r\u00e1ta laghdaithe do Shean\u00f3ir\u00ed?<\/h2>\n<p>Ar an drochuair, n\u00ed f\u00e9idir. N\u00edl an r\u00e1ta lascaine ach ar f\u00e1il do chuairteoir\u00ed at\u00e1 60 bliain d\u2019aois agus n\u00edos sine.<\/p>\n<p>&nbsp;<\/p>\n<h2>T\u00e1 m\u00e9 faoi mh\u00edchumas; an f\u00e9idir liom tic\u00e9ad a cheannach ar l\u00edne?<\/h2>\n<p>Tabhair faoi deara go bhfuil saorchead isteach ag gach duine at\u00e1 faoi mh\u00edchumas fisici\u00fail n\u00f3 intinne agus ag a gc\u00faram\u00f3ir\u00ed chuig aon su\u00edomh OPW ag a bhfuil t\u00e1ille iontr\u00e1la le h\u00edoc. T\u00e1imid ag iarraidh a chinnti\u00fa go mbaineann t\u00fa an m\u00e9id tairbhe agus is f\u00e9idir leat as do chuairt ach t\u00e1 gach su\u00edomh \u00e9ags\u00fail agus is fearr teagmh\u00e1il a dh\u00e9anamh leis an su\u00edomh sula dtugann t\u00fa cuairt air <a href=\"mailto:kilkennycastleinfo@opw.ie\">kilkennycastleinfo@opw.ie<\/a> .<\/p>\n<p>&nbsp;<\/p>\n<h2>Is Iriseoir m\u00e9; an f\u00e9idir liom tic\u00e9ad saor in aisce a chur in \u00e1irithe agus mo Ch\u00e1rta Preasa a \u00fas\u00e1id?<\/h2>\n<p>N\u00edl saorchead isteach do bhaill an Phreasa ar f\u00e1il ach m\u00e1 fhaightear cead roimh r\u00e9 \u00f3n su\u00edomh; d\u00e9an teagmh\u00e1il leis an su\u00edomh roimh do chuairt <a href=\"mailto:kilkennycastleinfo@opw.ie\">kilkennycastleinfo@opw.ie<\/a> .<\/p>\n<p>&nbsp;<\/p>\n<h2>Is M\u00fainteoir m\u00e9; an bhfuil m\u00e9 i dteideal tic\u00e9ad lascaine?<\/h2>\n<p>T\u00e1 saorchead isteach ag m\u00fainteoir at\u00e1 ag ullmh\u00fa do chuairt scoile ach is g\u00e1 cead a fh\u00e1il \u00f3n su\u00edomh roimh r\u00e9; d\u00e9an teagmh\u00e1il leis an su\u00edomh roimh do chuairt <a href=\"mailto:bookingskilkennycastle@opw.ie\">bookingskilkennycastle@opw.ie<\/a> .<\/p>\n<p>&nbsp;<\/p>\n<h2>T\u00e1 a fhios agam go bhfuil saorchead isteach ag su\u00edomh a bhfuil m\u00e9 ag iarraidh cuairt a thabhairt air ar dh\u00e1ta\u00ed \u00e1irithe; c\u00e9n f\u00e1th nach f\u00e9idir liom tic\u00e9ad a chur in \u00e1irithe ar l\u00edne?<\/h2>\n<p>Ar \u2018laethanta saor in aisce\u2019 is iond\u00fail go mb\u00edonn go leor daoine ag iarraidh cuairt a thabhairt ar shu\u00edomh, agus d\u00e1 r\u00e9ir sin, t\u00e1 s\u00e9 t\u00e1bhachtach go mbeadh gach su\u00edomh in ann d\u00e9ile\u00e1il le l\u00edon na gcuairteanna i rith an lae ar fad. D\u00e9antar \u00e9 seo lena chinnti\u00fa go mbaineann gach cuairteoir taitneamh as a chuairt agus go leantar leis na su\u00edomhanna a chosaint agus chaomhn\u00fa. Ar na laethanta speisialta sin, t\u00e1 cead iontr\u00e1la ag brath ar thic\u00e9id a bheith ar f\u00e1il ar an l\u00e1.<\/p>\n<p>M\u00e1 t\u00e1 aon cheist agat faoi dh\u00e1ta\u00ed ar leith, d\u00e9an teagmh\u00e1il leis an su\u00edomh at\u00e1 i gceist.<\/p>\n<p>&nbsp;<\/p>\n<h2>T\u00e1 leana\u00ed \u00f3ga agam, an g\u00e1 dom tic\u00e9id a cheannach d\u00f3ibh?<\/h2>\n<p>N\u00ed g\u00e1 m\u00e1 t\u00e1 siad faoi 12 bliain d\u2019aois; ach n\u00ed m\u00f3r duit, \u00e1fach, tic\u00e9ad a chur in \u00e1irithe do gach leanbh tr\u00edd an nasc \u2018Leanbh (Faoi 12)\u2019 a lean\u00faint. Tabhair faoi deara go bhfuil Polasa\u00ed Cosanta Leana\u00ed i bhfeidhm ag OPW ina shu\u00edomhanna ar fad agus nach m\u00f3r go mbeadh duine f\u00e1sta i dteannta le leanbh at\u00e1 faoi 18 mbliana d\u2019aois. Le haghaidh tuilleadh eolais clice\u00e1il <a href=\"https:\/\/www.opw.ie\/en\/media\/2018%20OPW%20CHILD%20SAFEGUARDING%20STATEMENT.pdf\">anseo.<\/a><\/p>\n<p>&nbsp;<\/p>\n<h2>N\u00edl m\u00e9 ag tabhairt cuairte le gr\u00fapa ach t\u00e1 dearbh\u00e1n r\u00e9amh\u00edoctha agam; an f\u00e9idir liom \u00e1irithint a dh\u00e9anamh ar l\u00edne?<\/h2>\n<p>Ar an drochuair, n\u00edl an \u00e1is seo ar f\u00e1il faoi l\u00e1thair.<\/p>\n<p>&nbsp;<\/p>\n<h2>C\u00e9 at\u00e1 i dteideal tic\u00e9ad saor in aisce n\u00f3 tic\u00e9ad lascaine?<\/h2>\n<p>T\u00e1 cead iontr\u00e1la laghdaithe n\u00f3 dea-mh\u00e9ine le f\u00e1il le c\u00e1rta\u00ed ballra\u00edochta ar leith.Cos\u00fail le cead iontr\u00e1la le t\u00e1ille, t\u00e1 cead isteach faoi r\u00e9ir tic\u00e9ad a bheith ar f\u00e1il agus n\u00ed m\u00f3r duit an c\u00e1rta lascaine \u00e1bhartha a thabhairt leat n\u00f3 beidh an gn\u00e1thr\u00e1ta le h\u00edoc. M\u00e1 t\u00e1 turas treoraithe curtha in \u00e1irithe agat, cialla\u00edonn s\u00e9 nach g\u00e1 go mbeadh cead iontr\u00e1la agat mar go mb\u2019fh\u00e9idir nach mbeadh t\u00fa in am mar gheall ar an moill.<\/p>\n<p>&nbsp;<\/p>\n<h1><strong>Ar Cuairt<\/strong><\/h1>\n<h2><strong>T\u00e1 tic\u00e9ad agam d\u2019am cuairte ar leith, ach an f\u00e9idir liom turas treoraithe difri\u00fail a dh\u00e9anamh?<\/strong><\/h2>\n<p>Ar an drochuair, n\u00ed f\u00e9idir, m\u00e1 cheannaigh t\u00fa tic\u00e9ad do thuras treoraithe, t\u00e1 am sonrach luaite leis agus n\u00edl cead iontr\u00e1la ach ag cuairteoir\u00ed a bh\u00edonn ag an su\u00edomh ag an am sonraithe.<\/p>\n<p>&nbsp;<\/p>\n<h2>T\u00e1 mo thic\u00e9ad agam ach t\u00e1 m\u00e9 ag iarraidh duine \u00e9igin eile a thabhairt liom; an f\u00e9idir leo teacht liom tr\u00ed \u00fas\u00e1id a bhaint as an tic\u00e9ad c\u00e9anna?<\/h2>\n<p>Ar an drochuair, n\u00ed f\u00e9idir. De bhr\u00ed nach bhfuil ach cead isteach le tic\u00e9ad bail\u00ed t\u00e1 s\u00e9 t\u00e1bhachtach an l\u00edon ceart tic\u00e9ad a roghn\u00fa nuair a bh\u00edonn d\u2019\u00e1irithint \u00e1 d\u00e9anamh agat, lena n-\u00e1ir\u00edtear gach tic\u00e9ad dea-mh\u00e9ine cos\u00fail le h\u00fas\u00e1ideoir\u00ed Faoi 13 n\u00f3 \u00das\u00e1ideoir\u00ed C\u00e1rta Oidhreachta. Mura raibh s\u00e9 seo ind\u00e9anta nuair a bh\u00ed an \u00e1irithint \u00e1 d\u00e9anamh, seice\u00e1il an bhfuil roinnt tic\u00e9ad f\u00f3s ar f\u00e1il nuair a shroicheann t\u00fa an su\u00edomh.<\/p>\n<p>Uaireanta, beidh l\u00edon teoranta tic\u00e9ad ar f\u00e1il ar an l\u00e1 d\u00f3ibh si\u00fad a thagann chuig an su\u00edomh ach n\u00ed g\u00e1 go mbeadh cead iontr\u00e1la agat agus seans nach mbeidh ag su\u00edomhanna at\u00e1 an-ghn\u00f3thach.<\/p>\n<p>&nbsp;<\/p>\n<h2>T\u00e1 m\u00e9 ag iarraidh breathn\u00fa ar thaispe\u00e1ntas\/freastal ar imeacht, an f\u00e9idir liom cead iontr\u00e1la a chur in \u00e1irithe?<\/h2>\n<p>Beidh an \u00e1is seo ar f\u00e1il ag roinnt su\u00edomhanna ach n\u00ed m\u00f3r duit do thic\u00e9id a chur in \u00e1irithe <a href=\"mailto:kilkennycastleinfo@opw.ie\">kilkennycastleinfo@opw.ie<\/a> .<\/p>\n<p>Mura bhfuil t\u00fa in ann freagra do cheiste a fh\u00e1il n\u00f3<\/p>\n<p>m\u00e1s mian leat teagmh\u00e1il a dh\u00e9anamh linn ar ch\u00fais \u00e9igin eile, d\u00e9an teagmh\u00e1il leis an su\u00edomh go d\u00edreach <a href=\"mailto:kilkennycastleinfo@opw.ie\">kilkennycastleinfo@opw.ie<\/a> .<\/p>\n<p>[\/et_pb_text][\/et_pb_column][\/et_pb_row][\/et_pb_section]<\/p>\n","protected":false},"excerpt":{"rendered":"<p>Athraigh agus ceannaigh do thic\u00e9ad \u00a0An g\u00e1 dom mo thic\u00e9ad a chur in \u00e1irithe ar l\u00edne? Cinnt\u00edonn \u00e1irithint ar l\u00edne cead iontr\u00e1la agus laghda\u00edonn s\u00e9 an m\u00e9id ama a chaitear [&hellip;]<\/p>\n","protected":false},"author":1,"featured_media":0,"parent":0,"menu_order":0,"comment_status":"closed","ping_status":"closed","template":"","meta":{"_et_pb_use_builder":"on","_et_pb_old_content":"","_et_gb_content_width":"","footnotes":""},"class_list":["post-15683","page","type-page","status-publish","hentry"],"_links":{"self":[{"href":"https:\/\/www.kilkennycastle.ie\/ga\/wp-json\/wp\/v2\/pages\/15683","targetHints":{"allow":["GET"]}}],"collection":[{"href":"https:\/\/www.kilkennycastle.ie\/ga\/wp-json\/wp\/v2\/pages"}],"about":[{"href":"https:\/\/www.kilkennycastle.ie\/ga\/wp-json\/wp\/v2\/types\/page"}],"author":[{"embeddable":true,"href":"https:\/\/www.kilkennycastle.ie\/ga\/wp-json\/wp\/v2\/users\/1"}],"replies":[{"embeddable":true,"href":"https:\/\/www.kilkennycastle.ie\/ga\/wp-json\/wp\/v2\/comments?post=15683"}],"version-history":[{"count":5,"href":"https:\/\/www.kilkennycastle.ie\/ga\/wp-json\/wp\/v2\/pages\/15683\/revisions"}],"predecessor-version":[{"id":15692,"href":"https:\/\/www.kilkennycastle.ie\/ga\/wp-json\/wp\/v2\/pages\/15683\/revisions\/15692"}],"wp:attachment":[{"href":"https:\/\/www.kilkennycastle.ie\/ga\/wp-json\/wp\/v2\/media?parent=15683"}],"curies":[{"name":"wp","href":"https:\/\/api.w.org\/{rel}","templated":true}]}}