{"id":13261,"date":"2022-04-03T11:45:18","date_gmt":"2022-04-03T10:45:18","guid":{"rendered":"https:\/\/kilkennycastle.ie\/tearmai-coinniollacha\/"},"modified":"2022-04-03T11:45:19","modified_gmt":"2022-04-03T10:45:19","slug":"tearmai-coinniollacha","status":"publish","type":"page","link":"https:\/\/www.kilkennycastle.ie\/ga\/tearmai-coinniollacha\/","title":{"rendered":"T\u00e9arma\u00ed &#038; Coinn\u00edollacha"},"content":{"rendered":"<p>[et_pb_section fb_built=&#8221;1&#8243; _builder_version=&#8221;3.22&#8243; global_colors_info=&#8221;{}&#8221;][et_pb_row _builder_version=&#8221;4.14.4&#8243; _module_preset=&#8221;default&#8221; global_colors_info=&#8221;{}&#8221;][et_pb_column type=&#8221;4_4&#8243; _builder_version=&#8221;4.14.4&#8243; _module_preset=&#8221;default&#8221; global_colors_info=&#8221;{}&#8221;][et_pb_text _builder_version=&#8221;4.14.4&#8243; _module_preset=&#8221;default&#8221; global_colors_info=&#8221;{}&#8221;]<strong>Caisle\u00e1n Chill Chainnigh \u2013 T\u00e9arma\u00ed &amp; Coinn\u00edollacha \u00a0<\/strong><\/p>\n<p><strong>Tionscn\u00f3ir\u00ed Turas &amp; Gr\u00fapa\u00ed<\/strong><\/p>\n<p><strong>Chun oibri\u00fa r\u00e9idh agus turas taitneamhach do ch\u00e1ch a chinnti\u00fa, tabhair faoi deara le do thoil na t\u00e9arma\u00ed agus coinn\u00edollacha seo a leanas do ghr\u00fapa\u00ed turais:<\/strong>[\/et_pb_text][\/et_pb_column][\/et_pb_row][et_pb_row _builder_version=&#8221;4.14.4&#8243; _module_preset=&#8221;default&#8221; global_colors_info=&#8221;{}&#8221;][et_pb_column type=&#8221;4_4&#8243; _builder_version=&#8221;4.14.4&#8243; _module_preset=&#8221;default&#8221; global_colors_info=&#8221;{}&#8221;][et_pb_text _builder_version=&#8221;4.14.4&#8243; _module_preset=&#8221;default&#8221; global_colors_info=&#8221;{}&#8221;]<strong>\u00c1irithint\u00ed:<\/strong><\/p>\n<ul>\n<li>N\u00ed m\u00f3r do ghr\u00fapa\u00ed n\u00edos m\u00f3 na 6 duine teagmh\u00e1il a dh\u00e9anamh tr\u00ed theileaf\u00f3n;<\/li>\n<\/ul>\n<p>00 353 (0) 46 9423010 n\u00f3 tr\u00ed r\u00edomhphost:\u00a0<a href=\"mailto:bookingskilkennycastle@opw.ie\">bookingskilkennycastle@opw.ie<\/a>\u00a0.<\/p>\n<ul>\n<li>Ba ch\u00f3ir \u00e1irithint\u00ed gr\u00fapa a dh\u00e9anamh 2 sheachtain roimh r\u00e9 ar a laghad agus dearbh\u00fa teileaf\u00f3in a dh\u00e9anamh &#8211; 00 353 (0) 46 9423010 &#8211; 48 uair roimh an chuairt.<\/li>\n<li>Is \u00e9 uasmh\u00e9id an ghr\u00fapa n\u00e1 25 duine, treora\u00ed san \u00e1ireamh. Le haghaidh gr\u00fapa\u00ed n\u00edos m\u00f3 n\u00e1 25 duine n\u00ed m\u00f3r sliot\u00e1in ama breise a chur in \u00e1irithe.<\/li>\n<li>N\u00ed f\u00e9idir \u00e1irithint a dh\u00e9anamh ar l\u00edne do ghr\u00fapa\u00ed. N\u00ed m\u00f3r teagmh\u00e1il a dh\u00e9anamh le <a href=\"mailto:bookingskilkennycastle@opw.ie\">bookingskilkennycastle@opw.ie<\/a>. Mura dtugtar aird ar na riachtanais \u00e1irithinte di\u00falt\u00f3far cead isteach agus n\u00ed ais\u00edocfar tic\u00e9id, mar ata leagtha s\u00edos ins na t\u00e9arma\u00ed agus coinn\u00edollacha ar l\u00edne. F\u00e9adfar \u00e1irithint\u00ed uait feasta a chosc i gc\u00e1s m\u00ed-\u00fas\u00e1ide an ch\u00f3rais \u00e1irithinte ar l\u00edne.<\/li>\n<li>N\u00ed \u00e1irithint chinnte \u00e9 iarratas ar \u00e1irithint.<\/li>\n<li>T\u00e1 l\u00edon teoranta sliot\u00e1n ama ar f\u00e1il do ghr\u00fapa\u00ed um thurais treoraithe; n\u00ed m\u00f3r iad a iarraidh agus a dheimhni\u00fa roimh an d\u00e1ta cuairte. Tabharfar sliot\u00e1in ama ar leith do ghr\u00fapa\u00ed 10 n\u00f3 n\u00edos m\u00f3. I gc\u00e1s gr\u00fapa\u00ed n\u00edos l\u00fa na 10 cuirfear le turais phoibl\u00ed iad.<\/li>\n<li>D\u2019fh\u00e9adfadh go bhfuil \u00e1iteanna sa Chaisle\u00e1n nach bhfuil oiri\u00fanach do dhaoine faoi ghluaiseacht teoranta. M\u00e1 t\u00e1 imn\u00ed ar bith agat, d\u00e9an teagmh\u00e1il linn roimh do chuairt.<\/li>\n<li>M\u00e1 cheala\u00edtear \u00e1irithint\u00ed d\u00e9anach imreoidh s\u00e9 sin ar \u00e1irithint\u00ed amach anseo.<\/li>\n<li>N\u00ed f\u00e9idir \u00e1irithint\u00ed a cheal\u00fa n\u00e1 a athr\u00fa ach amh\u00e1in tr\u00ed oifig \u00e1irithinte an chomhlachta.<\/li>\n<li>F\u00e9adfar rochtain ar sheomra\u00ed agus socruithe oscailte a athr\u00fa ar ghearrfh\u00f3gra.<\/li>\n<li>I gc\u00e1s rabhaidh faoi dhianaimsir\/\u00f3c\u00e1idi eisceacht\u00fala, t\u00e1 s\u00e9 de cheart ag Caisle\u00e1n agus P\u00e1irc Chill Chainnigh an l\u00e1thair a dh\u00fanadh ar ghearrfh\u00f3gra. F\u00f3gr\u00f3far a leith\u00e9id ar mhe\u00e1in sh\u00f3isialta agus ar an su\u00edomh gr\u00e9as\u00e1in <a href=\"mailto:kilkennycastle@opw.ie\">kilkennycastle@opw.ie<\/a> Is ar thionscn\u00f3ir\u00ed turas at\u00e1 an fhreagracht a chinnti\u00fa go bhfuil an l\u00e1thair ar oscailt roimh theacht ann d\u00f3ibh.<\/li>\n<\/ul>\n<p><strong>\u00a0<\/strong><\/p>\n<p><strong>\u00cdoca\u00edocht:<\/strong><\/p>\n<ul>\n<li>T\u00e1 \u00edoca\u00edocht dlite ar theacht i l\u00e1thair. F\u00e9adfaidh an treora\u00ed turas \u00edoc ag an Deasc Tic\u00e9ad le hairgead tirim, le c\u00e1rta creidmheasa\/dochair n\u00f3 le dearbh\u00e1n faofa OPW. D\u00e1 \u00e9agmais sin, n\u00ed ligfear cead isteach. M\u00e1s mian le tionscn\u00f3ir\u00ed turas bheith p\u00e1irteach sa sc\u00e9im dearbh\u00e1n, ba ch\u00f3ir d\u00f3ibh teagmh\u00e1il a dh\u00e9anamh le <a href=\"mailto:touropsaccounts@opw.ie\">touropsaccounts@opw.ie<\/a>\u00a0. Tabhair faoi deara nach f\u00e9idir linn dearbh\u00e1in a st\u00f3r\u00e1il n\u00e1 a phriont\u00e1il ar son tionscn\u00f3ir\u00ed turas\/treoraithe turas.<\/li>\n<li>Chun an r\u00e1ta gr\u00fapa a fh\u00e1il, n\u00ed m\u00f3r \u00edoca\u00edocht a dh\u00e9anamh in aon idirbheart amh\u00e1in. Baineann an r\u00e1ta gr\u00fapa le gr\u00fapa\u00ed 20 duine n\u00f3 n\u00edos m\u00f3, ach amh\u00e1in sa ch\u00e1s go bhfuil an chomhlacht p\u00e1irteach i sc\u00e9im dearbh\u00e1n OPW le haghaidh tionscn\u00f3ir\u00ed turas.<\/li>\n<\/ul>\n<p><strong>\u00a0<\/strong><\/p>\n<p><strong>Ar Theacht:<\/strong><\/p>\n<ul>\n<li>Ba ch\u00f3ir do threoraithe gr\u00fapa an Caisle\u00e1n a chur ar an eolas maidir le moill ar bith ar an l\u00e1. T\u00e1 de cheart ag an gCaisle\u00e1n cuairt a athsceideal\u00fa sa ch\u00e1s go dtagann gr\u00fapa d\u00e9anach.<\/li>\n<li>Ar theacht, ba ch\u00f3ir don treora\u00ed gr\u00fapa amh\u00e1in seice\u00e1il isteach ag an Deasc Tic\u00e9ad. B\u00ed cinnte go bhfuil an gr\u00fapa bailithe le ch\u00e9ile i gcl\u00f3s an Chaisle\u00e1in agus ullamh chun an chuairt a thosu ag an am at\u00e1 ceaptha, ach ar leataobh \u00f3n Doras Tosaigh sa chaoi nach gcuirtear bac ar dhaoine eile ag dul isteach n\u00f3 amach. Tabhair faoi deara gur doras \u00e9alaithe i gc\u00e1s \u00e9igeand\u00e1la \u00e9 seo chomh maith.<\/li>\n<li>Baileoidh foireann an Chaisle\u00e1in an gr\u00fapa agus an treora\u00ed \u00f3n chl\u00f3s ag an am at\u00e1 ceaptha don chuairt.<\/li>\n<li>T\u00e1 leithris teoranta ar an l\u00e1thair agus f\u00e9adfaidh l\u00ednte fada feithimh a bheith orthu.<\/li>\n<\/ul>\n<p>&nbsp;<\/p>\n<p><strong>An Chuairt:<\/strong><\/p>\n<p>Chun a chinnti\u00fa go mbaineann gach cuairteoir taitneamh as Caisle\u00e1n Chill Chainnigh iarraimid comhoibri\u00fa ioml\u00e1n \u00f3 Threoraithe Turas maidir leis na treoirl\u00ednte seo a leanas:<\/p>\n<ul>\n<li>Ar mhaithe le Sl\u00e1inte agus S\u00e1bh\u00e1ilteacht ar an l\u00e1thair, n\u00ed m\u00f3r do ch\u00e1ch, c\u00fair\u00e9ir\u00ed san \u00e1ireamh, clo\u00ed le treoracha \u00f3 fhoireann an Chaisle\u00e1in.<\/li>\n<li>N\u00ed m\u00f3r don c\u00fair\u00e9ir agus don ghr\u00fapa an bealach sainithe turais a lean\u00faint mura dtugann ball foirne a mhalairt de threoir.<\/li>\n<li>F\u00e9adfar bealach na dturas, Treoraithe agus F\u00e9intreoraithe, a athr\u00fa am ar bith ar ch\u00faiseanna oibr\u00edochta.<\/li>\n<li>Tosa\u00edonn turais f\u00e9intreoraithe ar an mbunurl\u00e1r; cuims\u00edtear na Seomrai Tr\u00e9imhse, na Seomra\u00ed Taispe\u00e1ntais nua ar an bPas\u00e1iste Gorm agus Taispe\u00e1ntas T\u00e1ip\u00e9is an Rosa ar Phas\u00e1iste na Cistine.<\/li>\n<\/ul>\n<p><em>***Tabhair faoi deara le do thoil: is ag foireann OPW Chaisle\u00e1n Chill Chainnigh amh\u00e1in at\u00e1 ceart cainte agus cead labhartha le gr\u00fapa\u00ed. <\/em><\/p>\n<ul>\n<li>N\u00ed m\u00f3r aird a thabhairt ar amchl\u00e1r 45 n\u00f3im\u00e9ad na dturas f\u00e9intreoraithe (de r\u00e9ir T\u00e9arma\u00ed &amp; Coinn\u00edollacha Sc\u00e9im Tionscn\u00f3ir\u00ed Turas OPW)<\/li>\n<li>N\u00ed m\u00f3r Turais Treoraithe do ghr\u00fapa\u00ed a iarraidh agus a dhearbh\u00fa roimh dh\u00e1ta na cuairte. Tabharfar cuairt freisin ar an D\u00fanshraith Me\u00e1naoiseach, an T\u00far Thiar agus Taispe\u00e1ntas Ph\u00e1l\u00e1is an Di\u00faic.<\/li>\n<li>Lig breis ama m\u00e1 t\u00e1 an treora\u00ed\/c\u00fair\u00e9ir agat i mbun aistri\u00fach\u00e1in; is as B\u00e9arla amh\u00e1in at\u00e1 na turais treoraithe.<\/li>\n<li>B\u00ed cinnte nach gcuirtear bac ar bheala\u00ed \u00e9alaithe \u00e9igeand\u00e1la n\u00e1 ar l\u00e1ithreacha f\u00e9achana.<\/li>\n<li>B\u00ed cinnte nach gcuirtear bac ar chuairteoir\u00ed aonair.<\/li>\n<li>B\u00ed cinnte nach gcuirtear l\u00e1mh ar bhaili\u00fach\u00e1in n\u00e1 ar mhaoin OPW.<\/li>\n<li>B\u00ed cinnte nach dt\u00e9itear isteach ar l\u00e1ithreacha at\u00e1 faoi chosc ag r\u00f3pa\u00ed<\/li>\n<li>N\u00ed cheada\u00edtear bia, deoch n\u00e1 guma coganta laistigh den Chaisle\u00e1n.<\/li>\n<li>Mar chuid de Pholasa\u00ed Chaisle\u00e1n Chill Chainnigh um Chosaint Leana\u00ed n\u00ed m\u00f3r do dhaoine faoi 18 mbliana d\u2019aois bheith i dteannta dhuine f\u00e1sta.<\/li>\n<li>Taispe\u00e1nfaidh foireann OPW meas agus d\u00ednit ar chustaim\u00e9ir\u00ed agus iarrtar ar chustaim\u00e9ir\u00ed an meas c\u00e9anna a thaispe\u00e1int don fhoireann agus do chustaim\u00e9ir\u00ed eile.<\/li>\n<li>T\u00e1 de cheart ag OPW seirbh\u00eds\u00ed a bhaint \u00f3 dhuine ar bith ata maslach n\u00f3 droch\u00eddeach le baill foirne agus\/n\u00f3 cuairteoir\u00ed.<\/li>\n<\/ul>\n<p><strong>\u00a0<\/strong><\/p>\n<p><strong>Polasa\u00ed maidir le M\u00e1la\u00ed Droma:<\/strong><\/p>\n<p>Um chosaint na mbaili\u00fach\u00e1n iarraimid ar chuairteoir\u00ed ullmh\u00fa don chuairt agus gan m\u00e1la\u00ed m\u00f3ra a thabhairt isteach sa Chaisle\u00e1n. N\u00ed chead\u00f3far do ghr\u00fapa\u00ed dul isteach ins na seomra\u00ed tr\u00e9imhse le m\u00e1la\u00ed droma.<\/p>\n<p>**** Tabhair faoi deara nach bhfuil aon \u00e1iseanna st\u00f3r\u00e1la ar an l\u00e1thair le haghaidh gr\u00fapa\u00ed.<\/p>\n<p>&nbsp;<\/p>\n<p><strong>T\u00e1 \u00e1iseanna leithris teoranta ar f\u00e1il ar an l\u00e1thair \u2013 lig d\u00f3thain ama le do thoil<\/strong><\/p>\n<p><strong>\u00a0<\/strong><\/p>\n<p><strong>T\u00e1 s\u00fail againn f\u00e1ilte a chur roimh do ghr\u00fapa chuig Caisle\u00e1n Chill Chainnigh agus gu\u00edmid cuairt taitneamhach ar ch\u00e1ch<\/strong>[\/et_pb_text][\/et_pb_column][\/et_pb_row][\/et_pb_section]<\/p>\n","protected":false},"excerpt":{"rendered":"<p>Caisle\u00e1n Chill Chainnigh \u2013 T\u00e9arma\u00ed &amp; Coinn\u00edollacha \u00a0 Tionscn\u00f3ir\u00ed Turas &amp; Gr\u00fapa\u00ed Chun oibri\u00fa r\u00e9idh agus turas taitneamhach do ch\u00e1ch a chinnti\u00fa, tabhair faoi deara le do thoil na t\u00e9arma\u00ed [&hellip;]<\/p>\n","protected":false},"author":14,"featured_media":0,"parent":0,"menu_order":0,"comment_status":"closed","ping_status":"closed","template":"","meta":{"_et_pb_use_builder":"on","_et_pb_old_content":"","_et_gb_content_width":"","footnotes":""},"class_list":["post-13261","page","type-page","status-publish","hentry"],"_links":{"self":[{"href":"https:\/\/www.kilkennycastle.ie\/ga\/wp-json\/wp\/v2\/pages\/13261","targetHints":{"allow":["GET"]}}],"collection":[{"href":"https:\/\/www.kilkennycastle.ie\/ga\/wp-json\/wp\/v2\/pages"}],"about":[{"href":"https:\/\/www.kilkennycastle.ie\/ga\/wp-json\/wp\/v2\/types\/page"}],"author":[{"embeddable":true,"href":"https:\/\/www.kilkennycastle.ie\/ga\/wp-json\/wp\/v2\/users\/14"}],"replies":[{"embeddable":true,"href":"https:\/\/www.kilkennycastle.ie\/ga\/wp-json\/wp\/v2\/comments?post=13261"}],"version-history":[{"count":0,"href":"https:\/\/www.kilkennycastle.ie\/ga\/wp-json\/wp\/v2\/pages\/13261\/revisions"}],"wp:attachment":[{"href":"https:\/\/www.kilkennycastle.ie\/ga\/wp-json\/wp\/v2\/media?parent=13261"}],"curies":[{"name":"wp","href":"https:\/\/api.w.org\/{rel}","templated":true}]}}