{"id":12315,"date":"2021-10-17T13:55:11","date_gmt":"2021-10-17T12:55:11","guid":{"rendered":"https:\/\/kilkennycastle.ie\/sli-na-mbuitlearach\/"},"modified":"2021-12-21T14:54:33","modified_gmt":"2021-12-21T14:54:33","slug":"sli-na-mbuitlearach","status":"publish","type":"page","link":"https:\/\/www.kilkennycastle.ie\/ga\/sli-na-mbuitlearach\/","title":{"rendered":"Sl\u00ed na mBuitl\u00e9arach"},"content":{"rendered":"<p>[et_pb_section fb_built=&#8221;1&#8243; fullwidth=&#8221;on&#8221; _builder_version=&#8221;3.22&#8243; global_colors_info=&#8221;{}&#8221;][et_pb_fullwidth_header title=&#8221;Sl\u00ed na mBuitl\u00e9arach&#8221; subhead=&#8221;Faigh l\u00e9iri\u00fa ar an rian ollmh\u00f3r a d\u2019fh\u00e1g na Buitl\u00e9araigh thar thr\u00e9imhse c\u00faig ch\u00e9ad bliain chorrach.&#8221; text_orientation=&#8221;center&#8221; header_fullscreen=&#8221;on&#8221; header_scroll_down=&#8221;on&#8221; scroll_down_icon=&#8221;%%0%%&#8221; scroll_down_icon_size=&#8221;25px&#8221; background_overlay_color=&#8221;rgba(0,0,0,0.33)&#8221; _builder_version=&#8221;4.11.2&#8243; title_font_size=&#8221;50px&#8221; subhead_font_size=&#8221;23px&#8221; background_color=&#8221;rgba(255, 255, 255, 0)&#8221; background_image=&#8221;https:\/\/kilkennycastle.ie\/wp-content\/uploads\/2021\/10\/Cahir-Castle-Bridge.jpg&#8221; global_colors_info=&#8221;{}&#8221; button_one_text_size__hover_enabled=&#8221;off&#8221; button_one_text_size__hover=&#8221;null&#8221; button_two_text_size__hover_enabled=&#8221;off&#8221; button_two_text_size__hover=&#8221;null&#8221; button_one_text_color__hover_enabled=&#8221;off&#8221; button_one_text_color__hover=&#8221;null&#8221; button_two_text_color__hover_enabled=&#8221;off&#8221; button_two_text_color__hover=&#8221;null&#8221; button_one_border_width__hover_enabled=&#8221;off&#8221; button_one_border_width__hover=&#8221;null&#8221; button_two_border_width__hover_enabled=&#8221;off&#8221; button_two_border_width__hover=&#8221;null&#8221; button_one_border_color__hover_enabled=&#8221;off&#8221; button_one_border_color__hover=&#8221;null&#8221; button_two_border_color__hover_enabled=&#8221;off&#8221; button_two_border_color__hover=&#8221;null&#8221; button_one_border_radius__hover_enabled=&#8221;off&#8221; button_one_border_radius__hover=&#8221;null&#8221; button_two_border_radius__hover_enabled=&#8221;off&#8221; button_two_border_radius__hover=&#8221;null&#8221; button_one_letter_spacing__hover_enabled=&#8221;on&#8221; button_one_letter_spacing__hover=&#8221;0&#8243; button_two_letter_spacing__hover_enabled=&#8221;on&#8221; button_two_letter_spacing__hover=&#8221;0&#8243; button_one_bg_color__hover_enabled=&#8221;off&#8221; button_one_bg_color__hover=&#8221;null&#8221; button_two_bg_color__hover_enabled=&#8221;off&#8221; button_two_bg_color__hover=&#8221;null&#8221;][\/et_pb_fullwidth_header][\/et_pb_section][et_pb_section fb_built=&#8221;1&#8243; _builder_version=&#8221;3.22&#8243; global_colors_info=&#8221;{}&#8221;][et_pb_row column_structure=&#8221;1_3,2_3&#8243; _builder_version=&#8221;4.11.2&#8243; background_size=&#8221;initial&#8221; background_position=&#8221;top_left&#8221; background_repeat=&#8221;repeat&#8221; global_colors_info=&#8221;{}&#8221;][et_pb_column type=&#8221;1_3&#8243; _builder_version=&#8221;3.25&#8243; custom_padding=&#8221;|||&#8221; global_colors_info=&#8221;{}&#8221; custom_padding__hover=&#8221;|||&#8221;][et_pb_text admin_label=&#8221;On the Butler Trail&#8221; _builder_version=&#8221;4.11.2&#8243; module_alignment=&#8221;left&#8221; global_colors_info=&#8221;{}&#8221;]<\/p>\n<h1 class=\"et_pb_module_header\">Sl\u00ed na mBuitl\u00e9arach<\/h1>\n<p>M\u00e1 thaitin Caisle\u00e1n Chill Chainnigh leat, b\u2019fhi\u00fa duit s\u00fail a chaitheamh ar Shl\u00ed na mBuitl\u00e9arach. Lean c\u00e9imeanna an teaghlaigh fh\u00edorth\u00e1bhachtaigh seo chuig agus m\u00f3rthimpeall Cho. Thiobraid \u00c1rann agus faigh l\u00e9iri\u00fa ar a n-oidhreacht.<\/p>\n<p>Faid gharbha at\u00e1 i gceist agus iad tugtha \u00f3 Chaisle\u00e1n Chill Chainnigh.<\/p>\n<p>[\/et_pb_text][\/et_pb_column][et_pb_column type=&#8221;2_3&#8243; _builder_version=&#8221;3.25&#8243; custom_padding=&#8221;|||&#8221; global_colors_info=&#8221;{}&#8221; custom_padding__hover=&#8221;|||&#8221;][et_pb_image src=&#8221;https:\/\/kilkennycastle.ie\/wp-content\/uploads\/2021\/10\/download.jpg&#8221; title_text=&#8221;download&#8221; url=&#8221;https:\/\/tipperary.com\/the-butler-trail\/&#8221; _builder_version=&#8221;4.11.2&#8243; _module_preset=&#8221;default&#8221; height=&#8221;300px&#8221; global_colors_info=&#8221;{}&#8221;][\/et_pb_image][\/et_pb_column][\/et_pb_row][et_pb_row column_structure=&#8221;1_2,1_2&#8243; _builder_version=&#8221;4.11.2&#8243; background_size=&#8221;initial&#8221; background_position=&#8221;top_left&#8221; background_repeat=&#8221;repeat&#8221; global_colors_info=&#8221;{}&#8221;][et_pb_column type=&#8221;1_2&#8243; _builder_version=&#8221;3.25&#8243; custom_padding=&#8221;|||&#8221; global_colors_info=&#8221;{}&#8221; custom_padding__hover=&#8221;|||&#8221;][et_pb_image src=&#8221;https:\/\/kilkennycastle.ie\/wp-content\/uploads\/2021\/10\/Exterior-3-Paul-2017.jpg&#8221; title_text=&#8221;paul tierney&#8221; url=&#8221;https:\/\/heritageireland.ie\/ga\/tabhair-cuairt\/ar-suiomhanna\/caislean-urmhumhan\/&#8221; url_new_window=&#8221;on&#8221; align_tablet=&#8221;center&#8221; align_phone=&#8221;&#8221; align_last_edited=&#8221;on|desktop&#8221; admin_label=&#8221;Ormond Castle&#8221; _builder_version=&#8221;4.14.2&#8243; height=&#8221;300px&#8221; hover_enabled=&#8221;0&#8243; global_colors_info=&#8221;{}&#8221; border_radii=&#8221;on|10px|10px|10px|10px&#8221; box_shadow_style=&#8221;preset1&#8243; sticky_enabled=&#8221;0&#8243;][\/et_pb_image][et_pb_text _builder_version=&#8221;4.11.3&#8243; module_alignment=&#8221;left&#8221; link_option_url=&#8221;https:\/\/heritageireland.ie\/ga\/tabhair-cuairt\/ar-suiomhanna\/caislean-urmhumhan\/&#8221; link_option_url_new_window=&#8221;on&#8221; global_colors_info=&#8221;{}&#8221;]<\/p>\n<h2>Caisle\u00e1n Urumhan (44km) Carraig na Si\u00faire<\/h2>\n<p>Is \u00e9 Caisle\u00e1n Urumhan an sampla is fearr in \u00c9irinn de theach main\u00e9ir Eil\u00edseach. Tom\u00e1s, 10\u00fa Iarla Urumhan, a th\u00f3g an caisle\u00e1n sna 1560id\u00ed.<\/p>\n<p>&nbsp;<\/p>\n<p>[\/et_pb_text][et_pb_image src=&#8221;https:\/\/kilkennycastle.ie\/wp-content\/uploads\/2021\/10\/Roscrea-Castle-Damer-House.jpg&#8221; title_text=&#8221;Roscrea-Castle-Damer-House&#8221; url=&#8221;https:\/\/heritageireland.ie\/ga\/tabhair-cuairt\/ar-suiomhanna\/ionad-oidhreachta-ros-cre-caislean-ros-cre-agus-teach-damer\/&#8221; url_new_window=&#8221;on&#8221; align_tablet=&#8221;center&#8221; align_phone=&#8221;&#8221; align_last_edited=&#8221;on|desktop&#8221; admin_label=&#8221;Roscrea Heritage Centre&#8221; _builder_version=&#8221;4.14.2&#8243; height=&#8221;300px&#8221; hover_enabled=&#8221;0&#8243; global_colors_info=&#8221;{}&#8221; border_radii=&#8221;on|10px|10px|10px|10px&#8221; box_shadow_style=&#8221;preset1&#8243; sticky_enabled=&#8221;0&#8243;][\/et_pb_image][et_pb_text _builder_version=&#8221;4.11.3&#8243; module_alignment=&#8221;left&#8221; link_option_url=&#8221;https:\/\/heritageireland.ie\/ga\/tabhair-cuairt\/ar-suiomhanna\/ionad-oidhreachta-ros-cre-caislean-ros-cre-agus-teach-damer\/&#8221; link_option_url_new_window=&#8221;on&#8221; global_colors_info=&#8221;{}&#8221;]<\/p>\n<h2>Ionad Oidhreachta Ros Cr\u00e9 (63km), Ros Cr\u00e9<\/h2>\n<p>Foghlaim mar a ghn\u00f3thaigh Buitl\u00e9araigh Urumhan cumhacht agus tionchar i mbeagnach gach baile m\u00f3r i dTiobraid \u00c1rann, Ros Cr\u00e9 san \u00e1ireamh.<\/p>\n<p>[\/et_pb_text][\/et_pb_column][et_pb_column type=&#8221;1_2&#8243; _builder_version=&#8221;3.25&#8243; custom_padding=&#8221;|||&#8221; global_colors_info=&#8221;{}&#8221; custom_padding__hover=&#8221;|||&#8221;][et_pb_image src=&#8221;https:\/\/kilkennycastle.ie\/wp-content\/uploads\/2021\/10\/Main-Guard-Front.jpg&#8221; title_text=&#8221;Main-Guard-Front&#8221; url=&#8221;https:\/\/heritageireland.ie\/ga\/tabhair-cuairt\/ar-suiomhanna\/daingean-an-phriomhgharda\/&#8221; url_new_window=&#8221;on&#8221; align_tablet=&#8221;center&#8221; align_phone=&#8221;&#8221; align_last_edited=&#8221;on|desktop&#8221; admin_label=&#8221;The Main Guard&#8221; _builder_version=&#8221;4.14.2&#8243; height=&#8221;300px&#8221; hover_enabled=&#8221;0&#8243; global_colors_info=&#8221;{}&#8221; border_radii=&#8221;on|10px|10px|10px|10px&#8221; box_shadow_style=&#8221;preset1&#8243; sticky_enabled=&#8221;0&#8243;][\/et_pb_image][et_pb_text _builder_version=&#8221;4.11.3&#8243; module_alignment=&#8221;left&#8221; link_option_url=&#8221;https:\/\/heritageireland.ie\/ga\/tabhair-cuairt\/ar-suiomhanna\/daingean-an-phriomhgharda\/&#8221; link_option_url_new_window=&#8221;on&#8221; global_colors_info=&#8221;{}&#8221;]<\/p>\n<h2>Daingean an Phr\u00edomhgharda (52km), Cluain Meala<\/h2>\n<p>Ba \u00e9 S\u00e9amus de Buitl\u00e9ir, Di\u00fac Urumhan, a th\u00f3g Daingean an Phr\u00edomhgharda in 1675 mar theach c\u00fairte do Phailit\u00edneacht limist\u00e9ar riarach\u00e1in Chontae Thiobraid \u00c1rann.<\/p>\n<p>[\/et_pb_text][et_pb_image src=&#8221;https:\/\/kilkennycastle.ie\/wp-content\/uploads\/2021\/10\/Cahir-Castle-1.jpg&#8221; title_text=&#8221;Cahir-Castle-1&#8243; url=&#8221;https:\/\/heritageireland.ie\/ga\/tabhair-cuairt\/ar-suiomhanna\/caislean-na-cathrach\/&#8221; url_new_window=&#8221;on&#8221; align_tablet=&#8221;center&#8221; align_phone=&#8221;&#8221; align_last_edited=&#8221;on|desktop&#8221; admin_label=&#8221;Cahir Castle&#8221; _builder_version=&#8221;4.14.2&#8243; height=&#8221;300px&#8221; hover_enabled=&#8221;0&#8243; global_colors_info=&#8221;{}&#8221; border_radii=&#8221;on|10px|10px|10px|10px&#8221; box_shadow_style=&#8221;preset1&#8243; sticky_enabled=&#8221;0&#8243;][\/et_pb_image][et_pb_text _builder_version=&#8221;4.11.3&#8243; module_alignment=&#8221;left&#8221; link_option_url=&#8221;https:\/\/heritageireland.ie\/ga\/tabhair-cuairt\/ar-suiomhanna\/caislean-na-cathrach\/&#8221; link_option_url_new_window=&#8221;on&#8221; global_colors_info=&#8221;{}&#8221;]<\/p>\n<h2>Caisle\u00e1n na Cathrach (67km), An Chathair<\/h2>\n<p>Ba \u00e9 seo d\u00fan m\u00f3r na mBuitl\u00e9arach tr\u00e1th agus t\u00e1 cumhacht an teaghlaigh le feice\u00e1il sa daingean suntasach, mar aon leis an t\u00far agus go leor eile den strucht\u00far cosanta bunaidh.<\/p>\n<p>[\/et_pb_text][\/et_pb_column][\/et_pb_row][et_pb_row column_structure=&#8221;1_2,1_2&#8243; _builder_version=&#8221;4.11.2&#8243; _module_preset=&#8221;default&#8221; global_colors_info=&#8221;{}&#8221;][et_pb_column type=&#8221;1_2&#8243; _builder_version=&#8221;4.11.2&#8243; _module_preset=&#8221;default&#8221; global_colors_info=&#8221;{}&#8221;][et_pb_image src=&#8221;https:\/\/kilkennycastle.ie\/wp-content\/uploads\/2021\/10\/Swiss-Cottage-Exterior.jpg&#8221; title_text=&#8221;Swiss-Cottage-Exterior&#8221; url=&#8221;https:\/\/heritageireland.ie\/ga\/tabhair-cuairt\/ar-suiomhanna\/an-teach-eilveiseach\/&#8221; url_new_window=&#8221;on&#8221; align_tablet=&#8221;center&#8221; align_phone=&#8221;&#8221; align_last_edited=&#8221;on|desktop&#8221; admin_label=&#8221;Swiss Cottage&#8221; _builder_version=&#8221;4.14.2&#8243; height=&#8221;300px&#8221; hover_enabled=&#8221;0&#8243; global_colors_info=&#8221;{}&#8221; border_radii=&#8221;on|10px|10px|10px|10px&#8221; box_shadow_style=&#8221;preset1&#8243; sticky_enabled=&#8221;0&#8243;][\/et_pb_image][et_pb_text _builder_version=&#8221;4.11.3&#8243; module_alignment=&#8221;left&#8221; link_option_url=&#8221;https:\/\/heritageireland.ie\/ga\/tabhair-cuairt\/ar-suiomhanna\/an-teach-eilveiseach\/&#8221; link_option_url_new_window=&#8221;on&#8221; global_colors_info=&#8221;{}&#8221;]<\/p>\n<h2>An Teach\u00edn Eilbh\u00e9iseach (70km), An Chathair<\/h2>\n<p>Foirgneamh \u00e1lainn i st\u00edl an \u2018cottage orn\u00e9\u2019 a th\u00f3g Riste\u00e1rd de Buitl\u00e9ir, 1\u00fa Iarla Ghleann Gall, sna 1800id\u00ed luatha de r\u00e9ir deara\u00ed John Nash, an t-ailtire c\u00e1ili\u00fail Leasr\u00edochta.<\/p>\n<p>[\/et_pb_text][\/et_pb_column][et_pb_column type=&#8221;1_2&#8243; _builder_version=&#8221;4.11.2&#8243; _module_preset=&#8221;default&#8221; global_colors_info=&#8221;{}&#8221;][\/et_pb_column][\/et_pb_row][\/et_pb_section]<\/p>\n","protected":false},"excerpt":{"rendered":"<p>Sl\u00ed na mBuitl\u00e9arach M\u00e1 thaitin Caisle\u00e1n Chill Chainnigh leat, b\u2019fhi\u00fa duit s\u00fail a chaitheamh ar Shl\u00ed na mBuitl\u00e9arach. Lean c\u00e9imeanna an teaghlaigh fh\u00edorth\u00e1bhachtaigh seo chuig agus m\u00f3rthimpeall Cho. Thiobraid \u00c1rann [&hellip;]<\/p>\n","protected":false},"author":14,"featured_media":0,"parent":0,"menu_order":0,"comment_status":"closed","ping_status":"closed","template":"","meta":{"_et_pb_use_builder":"on","_et_pb_old_content":"","_et_gb_content_width":"","footnotes":""},"class_list":["post-12315","page","type-page","status-publish","hentry"],"_links":{"self":[{"href":"https:\/\/www.kilkennycastle.ie\/ga\/wp-json\/wp\/v2\/pages\/12315","targetHints":{"allow":["GET"]}}],"collection":[{"href":"https:\/\/www.kilkennycastle.ie\/ga\/wp-json\/wp\/v2\/pages"}],"about":[{"href":"https:\/\/www.kilkennycastle.ie\/ga\/wp-json\/wp\/v2\/types\/page"}],"author":[{"embeddable":true,"href":"https:\/\/www.kilkennycastle.ie\/ga\/wp-json\/wp\/v2\/users\/14"}],"replies":[{"embeddable":true,"href":"https:\/\/www.kilkennycastle.ie\/ga\/wp-json\/wp\/v2\/comments?post=12315"}],"version-history":[{"count":0,"href":"https:\/\/www.kilkennycastle.ie\/ga\/wp-json\/wp\/v2\/pages\/12315\/revisions"}],"wp:attachment":[{"href":"https:\/\/www.kilkennycastle.ie\/ga\/wp-json\/wp\/v2\/media?parent=12315"}],"curies":[{"name":"wp","href":"https:\/\/api.w.org\/{rel}","templated":true}]}}