{"id":12305,"date":"2021-10-17T13:38:15","date_gmt":"2021-10-17T12:38:15","guid":{"rendered":"https:\/\/kilkennycastle.ie\/tiomaint-ghearr-uainn\/"},"modified":"2021-12-21T14:52:55","modified_gmt":"2021-12-21T14:52:55","slug":"tiomaint-ghearr-uainn","status":"publish","type":"page","link":"https:\/\/www.kilkennycastle.ie\/ga\/tiomaint-ghearr-uainn\/","title":{"rendered":"Tiom\u00e1int ghearr uainn"},"content":{"rendered":"<p>[et_pb_section fb_built=&#8221;1&#8243; fullwidth=&#8221;on&#8221; _builder_version=&#8221;3.22&#8243; global_colors_info=&#8221;{}&#8221;][et_pb_fullwidth_header title=&#8221;Tiom\u00e1int ghearr uainn&#8221; subhead=&#8221;Saibhreas \u00e1iteanna suime do chuairteoir\u00ed laistigh Chontae Chill Chainnigh.&#8221; text_orientation=&#8221;center&#8221; header_fullscreen=&#8221;on&#8221; header_scroll_down=&#8221;on&#8221; scroll_down_icon=&#8221;%%0%%&#8221; scroll_down_icon_size=&#8221;25px&#8221; background_overlay_color=&#8221;rgba(0,0,0,0.33)&#8221; _builder_version=&#8221;4.12.1&#8243; title_font_size=&#8221;50px&#8221; subhead_font_size=&#8221;23px&#8221; background_color=&#8221;rgba(255, 255, 255, 0)&#8221; background_image=&#8221;https:\/\/kilkennycastle.ie\/wp-content\/uploads\/2021\/10\/Castlecomer-Co_Web-Size.jpg&#8221; global_colors_info=&#8221;{}&#8221; button_one_text_size__hover_enabled=&#8221;off&#8221; button_one_text_size__hover=&#8221;null&#8221; button_two_text_size__hover_enabled=&#8221;off&#8221; button_two_text_size__hover=&#8221;null&#8221; button_one_text_color__hover_enabled=&#8221;off&#8221; button_one_text_color__hover=&#8221;null&#8221; button_two_text_color__hover_enabled=&#8221;off&#8221; button_two_text_color__hover=&#8221;null&#8221; button_one_border_width__hover_enabled=&#8221;off&#8221; button_one_border_width__hover=&#8221;null&#8221; button_two_border_width__hover_enabled=&#8221;off&#8221; button_two_border_width__hover=&#8221;null&#8221; button_one_border_color__hover_enabled=&#8221;off&#8221; button_one_border_color__hover=&#8221;null&#8221; button_two_border_color__hover_enabled=&#8221;off&#8221; button_two_border_color__hover=&#8221;null&#8221; button_one_border_radius__hover_enabled=&#8221;off&#8221; button_one_border_radius__hover=&#8221;null&#8221; button_two_border_radius__hover_enabled=&#8221;off&#8221; button_two_border_radius__hover=&#8221;null&#8221; button_one_letter_spacing__hover_enabled=&#8221;on&#8221; button_one_letter_spacing__hover=&#8221;0&#8243; button_two_letter_spacing__hover_enabled=&#8221;on&#8221; button_two_letter_spacing__hover=&#8221;0&#8243; button_one_bg_color__hover_enabled=&#8221;off&#8221; button_one_bg_color__hover=&#8221;null&#8221; button_two_bg_color__hover_enabled=&#8221;off&#8221; button_two_bg_color__hover=&#8221;null&#8221;][\/et_pb_fullwidth_header][\/et_pb_section][et_pb_section fb_built=&#8221;1&#8243; _builder_version=&#8221;3.22&#8243; global_colors_info=&#8221;{}&#8221;][et_pb_row _builder_version=&#8221;3.25&#8243; background_size=&#8221;initial&#8221; background_position=&#8221;top_left&#8221; background_repeat=&#8221;repeat&#8221; global_colors_info=&#8221;{}&#8221;][et_pb_column type=&#8221;4_4&#8243; _builder_version=&#8221;3.25&#8243; custom_padding=&#8221;|||&#8221; global_colors_info=&#8221;{}&#8221; custom_padding__hover=&#8221;|||&#8221;][et_pb_text _builder_version=&#8221;4.12.1&#8243; _module_preset=&#8221;default&#8221; global_colors_info=&#8221;{}&#8221;]<\/p>\n<h2>Tiom\u00e1int ghearr uainn<\/h2>\n<p>Saibhreas \u00e1iteanna suime do chuairteoir\u00ed laistigh Chontae Chill Chainnigh.<\/p>\n<p>[\/et_pb_text][et_pb_text _builder_version=&#8221;4.11.2&#8243; _module_preset=&#8221;default&#8221; global_colors_info=&#8221;{}&#8221;]<iframe src=\"https:\/\/www.google.com\/maps\/embed?pb=!1m18!1m12!1m3!1d620835.5953384875!2d-7.85469111296705!3d52.56709671020428!2m3!1f0!2f0!3f0!3m2!1i1024!2i768!4f13.1!3m3!1m2!1s0x485d31f7445571e1%3A0x400c7a72e2a76e0!2sKilkenny%2C%20Co.%20Kilkenny!5e0!3m2!1sen!2sie!4v1634047456857!5m2!1sen!2sie\" width=\"600\" height=\"450\" style=\"border:0;\" allowfullscreen=\"\" loading=\"lazy\"><\/iframe>[\/et_pb_text][\/et_pb_column][\/et_pb_row][et_pb_row column_structure=&#8221;1_2,1_2&#8243; _builder_version=&#8221;4.11.2&#8243; background_size=&#8221;initial&#8221; background_position=&#8221;top_left&#8221; background_repeat=&#8221;repeat&#8221; global_colors_info=&#8221;{}&#8221;][et_pb_column type=&#8221;1_2&#8243; _builder_version=&#8221;3.25&#8243; custom_padding=&#8221;|||&#8221; global_colors_info=&#8221;{}&#8221; custom_padding__hover=&#8221;|||&#8221;][et_pb_image src=&#8221;https:\/\/kilkennycastle.ie\/wp-content\/uploads\/2021\/10\/St-Marys-Gowran-Exterior.jpg&#8221; title_text=&#8221;St-Marys-Gowran-Exterior&#8221; url=&#8221;https:\/\/heritageireland.ie\/ga\/tabhair-cuairt\/ar-suiomhanna\/teampall-mhuire-gabhran\/&#8221; url_new_window=&#8221;on&#8221; align_tablet=&#8221;center&#8221; align_phone=&#8221;&#8221; align_last_edited=&#8221;on|desktop&#8221; admin_label=&#8221;St. Mary&#8217;s Church, Gowran&#8221; _builder_version=&#8221;4.14.2&#8243; height=&#8221;300px&#8221; hover_enabled=&#8221;0&#8243; global_colors_info=&#8221;{}&#8221; border_radii=&#8221;on|10px|10px|10px|10px&#8221; box_shadow_style=&#8221;preset1&#8243; sticky_enabled=&#8221;0&#8243;][\/et_pb_image][et_pb_text _builder_version=&#8221;4.11.3&#8243; module_alignment=&#8221;left&#8221; link_option_url=&#8221;https:\/\/heritageireland.ie\/ga\/tabhair-cuairt\/ar-suiomhanna\/teampall-mhuire-gabhran\/&#8221; link_option_url_new_window=&#8221;on&#8221; global_colors_info=&#8221;{}&#8221;]<\/p>\n<h2>Eaglais Mhuire, Gabhr\u00e1n (15km)<\/h2>\n<p>T\u00f3gadh an eaglais chol\u00e1isteach seo ag deireadh an 13\u00fa haois \u00e1it a bh\u00ed mainistir n\u00edos sine f\u00f3s t\u00f3gtha roimhe.<\/p>\n<p>[\/et_pb_text][\/et_pb_column][et_pb_column type=&#8221;1_2&#8243; _builder_version=&#8221;3.25&#8243; custom_padding=&#8221;|||&#8221; global_colors_info=&#8221;{}&#8221; custom_padding__hover=&#8221;|||&#8221;][et_pb_image src=&#8221;https:\/\/kilkennycastle.ie\/wp-content\/uploads\/2018\/11\/dunmore-cave.png&#8221; url=&#8221;https:\/\/heritageireland.ie\/ga\/tabhair-cuairt\/ar-suiomhanna\/dearc-fhearna\/&#8221; url_new_window=&#8221;on&#8221; align_tablet=&#8221;center&#8221; align_phone=&#8221;&#8221; align_last_edited=&#8221;on|desktop&#8221; admin_label=&#8221;Dunmore Cave&#8221; _builder_version=&#8221;4.14.2&#8243; height=&#8221;300px&#8221; hover_enabled=&#8221;0&#8243; global_colors_info=&#8221;{}&#8221; border_radii=&#8221;on|10px|10px|10px|10px&#8221; box_shadow_style=&#8221;preset1&#8243; sticky_enabled=&#8221;0&#8243;][\/et_pb_image][et_pb_text _builder_version=&#8221;4.11.3&#8243; module_alignment=&#8221;left&#8221; link_option_url=&#8221;https:\/\/heritageireland.ie\/ga\/tabhair-cuairt\/ar-suiomhanna\/dearc-fhearna\/&#8221; link_option_url_new_window=&#8221;on&#8221; global_colors_info=&#8221;{}&#8221;]<\/p>\n<h2>Dearc Fhearna (15km)<\/h2>\n<p>Foghlaim faoi ionradh na Lochlannach i gCill Chainnigh sa tsraith ar leith seo de sheomra\u00ed faoi thalamh a crutha\u00edodh i gcaitheamh na milli\u00fan blianta.<\/p>\n<p>[\/et_pb_text][\/et_pb_column][\/et_pb_row][et_pb_row column_structure=&#8221;1_2,1_2&#8243; _builder_version=&#8221;4.11.2&#8243; _module_preset=&#8221;default&#8221; global_colors_info=&#8221;{}&#8221;][et_pb_column type=&#8221;1_2&#8243; _builder_version=&#8221;4.11.2&#8243; _module_preset=&#8221;default&#8221; global_colors_info=&#8221;{}&#8221;][et_pb_image src=&#8221;https:\/\/kilkennycastle.ie\/wp-content\/uploads\/2021\/10\/example2.jpg&#8221; title_text=&#8221;example2&#8243; url=&#8221;https:\/\/heritageireland.ie\/ga\/tabhair-cuairt\/ar-suiomhanna\/prioireacht-cheanannais\/&#8221; _builder_version=&#8221;4.14.2&#8243; _module_preset=&#8221;default&#8221; height=&#8221;300px&#8221; hover_enabled=&#8221;0&#8243; global_colors_info=&#8221;{}&#8221; box_shadow_style=&#8221;preset1&#8243; border_radii=&#8221;on|10px|10px|10px|10px&#8221; sticky_enabled=&#8221;0&#8243;][\/et_pb_image][et_pb_text _builder_version=&#8221;4.12.1&#8243; _module_preset=&#8221;default&#8221; link_option_url=&#8221;https:\/\/heritageireland.ie\/ga\/tabhair-cuairt\/ar-suiomhanna\/prioireacht-cheanannais\/&#8221; global_colors_info=&#8221;{}&#8221;]<\/p>\n<h2>Pri\u00f3ireacht Cheanannais (15kms)<\/h2>\n<p>\u00a0An su\u00edomh eaglasta iata is m\u00f3 in \u00c9irinn bunaithe timpeall 1193 ag Geoffrey FitzRobert, ridire iomr\u00e1iteach agus cara iontaofa le William Marshal.<\/p>\n<p>[\/et_pb_text][\/et_pb_column][et_pb_column type=&#8221;1_2&#8243; _builder_version=&#8221;4.11.2&#8243; _module_preset=&#8221;default&#8221; global_colors_info=&#8221;{}&#8221;][et_pb_image src=&#8221;https:\/\/kilkennycastle.ie\/wp-content\/uploads\/2021\/10\/Jerpoint-Park-Co-Kilkenny_Web-Size.jpg&#8221; title_text=&#8221;Kilkenny&#8221; url=&#8221;https:\/\/jerpointpark.com\/&#8221; _builder_version=&#8221;4.14.2&#8243; _module_preset=&#8221;default&#8221; height=&#8221;300px&#8221; hover_enabled=&#8221;0&#8243; global_colors_info=&#8221;{}&#8221; border_radii=&#8221;on|10px|10px|10px|10px&#8221; box_shadow_style=&#8221;preset1&#8243; sticky_enabled=&#8221;0&#8243;][\/et_pb_image][et_pb_text _builder_version=&#8221;4.12.1&#8243; _module_preset=&#8221;default&#8221; link_option_url=&#8221;https:\/\/jerpointpark.com\/&#8221; global_colors_info=&#8221;{}&#8221;]<\/p>\n<h2><strong>P\u00e1irc Sheireap\u00fain <\/strong>(19kms)<\/h2>\n<p>Bh\u00ed Baile Tr\u00e9igthe Sheireap\u00fain an Bhaile Nua bunaithe ag Earl Marshall n\u00f3 Griffin Fitzwilliam sa 12\u00fa haois, siar \u00f3n mainistir Cist\u00e9irseach.\u00a0<\/p>\n<p>[\/et_pb_text][\/et_pb_column][\/et_pb_row][et_pb_row column_structure=&#8221;1_2,1_2&#8243; _builder_version=&#8221;4.11.2&#8243; background_size=&#8221;initial&#8221; background_position=&#8221;top_left&#8221; background_repeat=&#8221;repeat&#8221; global_colors_info=&#8221;{}&#8221;][et_pb_column type=&#8221;1_2&#8243; _builder_version=&#8221;3.25&#8243; custom_padding=&#8221;|||&#8221; global_colors_info=&#8221;{}&#8221; custom_padding__hover=&#8221;|||&#8221;][et_pb_image src=&#8221;https:\/\/kilkennycastle.ie\/wp-content\/uploads\/2018\/11\/jerpoint-abbey.png&#8221; url=&#8221;https:\/\/heritageireland.ie\/ga\/tabhair-cuairt\/ar-suiomhanna\/mainistir-sheireapuin\/&#8221; url_new_window=&#8221;on&#8221; align_tablet=&#8221;center&#8221; align_phone=&#8221;&#8221; align_last_edited=&#8221;on|desktop&#8221; admin_label=&#8221;Jerpoint Abbey&#8221; _builder_version=&#8221;4.14.2&#8243; height=&#8221;300px&#8221; hover_enabled=&#8221;0&#8243; global_colors_info=&#8221;{}&#8221; box_shadow_style=&#8221;preset1&#8243; border_radii=&#8221;on|10px|10px|10px|10px&#8221; sticky_enabled=&#8221;0&#8243;][\/et_pb_image][et_pb_text _builder_version=&#8221;4.11.3&#8243; module_alignment=&#8221;left&#8221; link_option_url=&#8221;https:\/\/heritageireland.ie\/ga\/tabhair-cuairt\/ar-suiomhanna\/mainistir-sheireapuin\/&#8221; link_option_url_new_window=&#8221;on&#8221; global_colors_info=&#8221;{}&#8221;]<\/p>\n<h2>Mainistir Sheireap\u00fain (20km)<\/h2>\n<p>Mainistir Cist\u00e9irseach den ch\u00e9ad scoth a buna\u00edodh sa dara leath den 12\u00fa haois.<\/p>\n<p>[\/et_pb_text][\/et_pb_column][et_pb_column type=&#8221;1_2&#8243; _builder_version=&#8221;3.25&#8243; custom_padding=&#8221;|||&#8221; global_colors_info=&#8221;{}&#8221; custom_padding__hover=&#8221;|||&#8221;][et_pb_image src=&#8221;https:\/\/kilkennycastle.ie\/wp-content\/uploads\/2021\/10\/091A0820.jpg&#8221; title_text=&#8221;091A0820&#8243; url=&#8221;https:\/\/www.discoverypark.ie\/&#8221; _builder_version=&#8221;4.14.2&#8243; _module_preset=&#8221;default&#8221; height=&#8221;300px&#8221; hover_enabled=&#8221;0&#8243; global_colors_info=&#8221;{}&#8221; box_shadow_style=&#8221;preset1&#8243; border_radii=&#8221;on|10px|10px|10px|10px&#8221; sticky_enabled=&#8221;0&#8243;][\/et_pb_image][et_pb_text _builder_version=&#8221;4.12.1&#8243; _module_preset=&#8221;default&#8221; link_option_url=&#8221;https:\/\/www.discoverypark.ie\/&#8221; global_colors_info=&#8221;{}&#8221;]<\/p>\n<h2><strong>P\u00e1irc Fiannachtain Chaisle\u00e1n an Chomair <\/strong><span>(24kms)<\/span><\/h2>\n<p>P\u00e1irc fiadh\u00falra 80 acra at\u00e1 i gceist le P\u00e1irc Fiannachtain Chaisle\u00e1n an Chomair lena n-\u00e1ir\u00edtear si\u00fal\u00e1n eachtra\u00edochta ar bharr crainn, balla dreaptha, beala\u00ed coillearna\u00ed, zipl\u00edne agus ochtag\u00e1n, can\u00fa\u00e1il, boghd\u00f3ireacht i dteannta leis an M\u00fasaem Mianad\u00f3ireachta Guail.<\/p>\n<p><span><\/span><\/p>\n<p>[\/et_pb_text][\/et_pb_column][\/et_pb_row][et_pb_row column_structure=&#8221;1_2,1_2&#8243; _builder_version=&#8221;4.11.2&#8243; _module_preset=&#8221;default&#8221; global_colors_info=&#8221;{}&#8221;][et_pb_column type=&#8221;1_2&#8243; _builder_version=&#8221;4.11.2&#8243; _module_preset=&#8221;default&#8221; global_colors_info=&#8221;{}&#8221;][et_pb_image src=&#8221;https:\/\/kilkennycastle.ie\/wp-content\/uploads\/2021\/10\/Woodstock-Gardens-Arboretum-Inistioge-Co-Kilkenny_Web-Size.jpg&#8221; title_text=&#8221;Woodstock Gardens &#038; Arboretum, Inistioge, Co Kilkenny_Web Size&#8221; url=&#8221;https:\/\/www.woodstock.ie\/&#8221; _builder_version=&#8221;4.14.2&#8243; _module_preset=&#8221;default&#8221; height=&#8221;300px&#8221; hover_enabled=&#8221;0&#8243; global_colors_info=&#8221;{}&#8221; border_radii=&#8221;on|10px|10px|10px|10px&#8221; box_shadow_style=&#8221;preset1&#8243; sticky_enabled=&#8221;0&#8243;][\/et_pb_image][et_pb_text _builder_version=&#8221;4.12.1&#8243; _module_preset=&#8221;default&#8221; link_option_url=&#8221;https:\/\/www.woodstock.ie\/&#8221; global_colors_info=&#8221;{}&#8221;]<\/p>\n<h2><strong>Gaird\u00edn agus Crannlann Woodstock <\/strong>(26kms)<\/h2>\n<p>T\u00e1 gaird\u00edn Victeoireach athch\u00f3irithe agus crannlann ag Woodstock i measc na gceann is fearr in \u00c9irinn.<\/p>\n<p>[\/et_pb_text][\/et_pb_column][et_pb_column type=&#8221;1_2&#8243; _builder_version=&#8221;4.11.2&#8243; _module_preset=&#8221;default&#8221; global_colors_info=&#8221;{}&#8221;][\/et_pb_column][\/et_pb_row][\/et_pb_section]<\/p>\n","protected":false},"excerpt":{"rendered":"<p>Tiom\u00e1int ghearr uainn Saibhreas \u00e1iteanna suime do chuairteoir\u00ed laistigh Chontae Chill Chainnigh.Eaglais Mhuire, Gabhr\u00e1n (15km) T\u00f3gadh an eaglais chol\u00e1isteach seo ag deireadh an 13\u00fa haois \u00e1it a bh\u00ed mainistir n\u00edos [&hellip;]<\/p>\n","protected":false},"author":14,"featured_media":0,"parent":0,"menu_order":0,"comment_status":"closed","ping_status":"closed","template":"","meta":{"_et_pb_use_builder":"on","_et_pb_old_content":"","_et_gb_content_width":"","footnotes":""},"class_list":["post-12305","page","type-page","status-publish","hentry"],"_links":{"self":[{"href":"https:\/\/www.kilkennycastle.ie\/ga\/wp-json\/wp\/v2\/pages\/12305","targetHints":{"allow":["GET"]}}],"collection":[{"href":"https:\/\/www.kilkennycastle.ie\/ga\/wp-json\/wp\/v2\/pages"}],"about":[{"href":"https:\/\/www.kilkennycastle.ie\/ga\/wp-json\/wp\/v2\/types\/page"}],"author":[{"embeddable":true,"href":"https:\/\/www.kilkennycastle.ie\/ga\/wp-json\/wp\/v2\/users\/14"}],"replies":[{"embeddable":true,"href":"https:\/\/www.kilkennycastle.ie\/ga\/wp-json\/wp\/v2\/comments?post=12305"}],"version-history":[{"count":0,"href":"https:\/\/www.kilkennycastle.ie\/ga\/wp-json\/wp\/v2\/pages\/12305\/revisions"}],"wp:attachment":[{"href":"https:\/\/www.kilkennycastle.ie\/ga\/wp-json\/wp\/v2\/media?parent=12305"}],"curies":[{"name":"wp","href":"https:\/\/api.w.org\/{rel}","templated":true}]}}